{"id":3,"date":"2026-04-02T10:04:00","date_gmt":"2026-04-02T10:04:00","guid":{"rendered":"https:\/\/suporta.de\/?page_id=3"},"modified":"2026-04-28T20:16:56","modified_gmt":"2026-04-28T18:16:56","slug":"privacy-policy","status":"publish","type":"page","link":"https:\/\/suporta.de\/ar\/privacy-policy\/","title":{"rendered":"Datenschutz"},"content":{"rendered":"<div data-elementor-type=\"wp-page\" data-elementor-id=\"3\" class=\"elementor elementor-3\">\n\t\t\t\t<div class=\"elementor-element elementor-element-5c5323a e-flex e-con-boxed e-con e-parent\" data-id=\"5c5323a\" data-element_type=\"container\" data-e-type=\"container\">\n\t\t\t\t\t<div class=\"e-con-inner\">\n\t\t\t\t<div class=\"elementor-element elementor-element-efccfab elementor-widget elementor-widget-heading\" data-id=\"efccfab\" data-element_type=\"widget\" data-e-type=\"widget\" data-widget_type=\"heading.default\">\n\t\t\t\t\t<h2 class=\"elementor-heading-title elementor-size-default\">Datenschutzerkl\u00e4rung<\/h2>\t\t\t\t<\/div>\n\t\t\t\t\t\n<hr class=\"e-db2db88-0c68c46 e-divider-base\" data-interaction-id=\"db2db88\"   \/>\n\t\t\t\t\t<\/div>\n\t\t\t\t<\/div>\n\t\t<div class=\"elementor-element elementor-element-4f70cf8 e-flex e-con-boxed e-con e-parent\" data-id=\"4f70cf8\" data-element_type=\"container\" data-e-type=\"container\">\n\t\t\t\t\t<div class=\"e-con-inner\">\n\t\t\t\t<div class=\"elementor-element elementor-element-0be00e1 elementor-widget elementor-widget-text-editor\" data-id=\"0be00e1\" data-element_type=\"widget\" data-e-type=\"widget\" data-widget_type=\"text-editor.default\">\n\t\t\t\t\t\t\t\t\t<div class=\"page\" title=\"Page 2\"><div class=\"section\"><div class=\"layoutArea\"><div class=\"column\"><h4>1. Datenschutz auf einen Blick<\/h4><h5>Allgemeine Hinweise<\/h5><p>Die folgenden Hinweise geben einen einfachen U\u0308berblick daru\u0308ber, was mit Ihren personenbezogenen Daten passiert, wenn Sie diese Website besuchen. Personenbezogene Daten sind alle Daten, mit denen Sie perso\u0308nlich identifiziert werden ko\u0308nnen. Ausfu\u0308hrliche Informationen zum Thema Datenschutz entnehmen Sie unserer unter diesem Text aufgefu\u0308hrten Datenschutzerkla\u0308rung.<\/p><h5>\u00a0<\/h5><h5>Datenerfassung auf dieser Website<\/h5><h6>Wer ist verantwortlich fu\u0308r die Datenerfassung auf dieser Website?<\/h6><p>Die Datenverarbeitung auf dieser Website erfolgt durch den Websitebetreiber. Dessen Kontaktdaten ko\u0308nnen Sie dem Abschnitt \u201eHinweis zur Verantwortlichen Stelle\u201c in dieser Datenschutzerkla\u0308rung entnehmen.<\/p><h6>Wie erfassen wir Ihre Daten?<\/h6><\/div><\/div><\/div><\/div><div class=\"page\" title=\"Page 3\"><div class=\"section\"><div class=\"layoutArea\"><div class=\"column\"><p>Ihre Daten werden zum einen dadurch erhoben, dass Sie uns diese mitteilen. Hierbei kann es sich z. B. um Daten handeln, die Sie in ein Kontaktformular eingeben.<\/p><p>Andere Daten werden automatisch oder nach Ihrer Einwilligung beim Besuch der Website durch unsere IT- Systeme erfasst. Das sind vor allem technische Daten (z. B. Internetbrowser, Betriebssystem oder Uhrzeit des Seitenaufrufs). Die Erfassung dieser Daten erfolgt automatisch, sobald Sie diese Website betreten.<\/p><h6>Wofu\u0308r nutzen wir Ihre Daten?<\/h6><p>Ein Teil der Daten wird erhoben, um eine fehlerfreie Bereitstellung der Website zu gewa\u0308hrleisten. Andere Daten ko\u0308nnen zur Analyse Ihres Nutzerverhaltens verwendet werden. Sofern u\u0308ber die Website Vertra\u0308ge geschlossen oder angebahnt werden ko\u0308nnen, werden die u\u0308bermittelten Daten auch fu\u0308r Vertragsangebote, Bestellungen oder sonstige Auftragsanfragen verarbeitet.<\/p><h6>Welche Rechte haben Sie bezu\u0308glich Ihrer Daten?<\/h6><p>Sie haben jederzeit das Recht, unentgeltlich Auskunft u\u0308ber Herkunft, Empfa\u0308nger und Zweck Ihrer gespeicherten personenbezogenen Daten zu erhalten. Sie haben au\u00dferdem ein Recht, die Berichtigung oder Lo\u0308schung dieser Daten zu verlangen. Wenn Sie eine Einwilligung zur Datenverarbeitung erteilt haben, ko\u0308nnen Sie diese Einwilligung jederzeit fu\u0308r die Zukunft widerrufen. Au\u00dferdem haben Sie das Recht, unter bestimmten Umsta\u0308nden die Einschra\u0308nkung der Verarbeitung Ihrer personenbezogenen Daten zu verlangen. Des Weiteren steht Ihnen ein Beschwerderecht bei der zusta\u0308ndigen Aufsichtsbeho\u0308rde zu.<\/p><p>Hierzu sowie zu weiteren Fragen zum Thema Datenschutz ko\u0308nnen Sie sich jederzeit an uns wenden.<\/p><h5>Analyse-Tools und Tools von Drittanbietern<\/h5><p>Beim Besuch dieser Website kann Ihr Surf-Verhalten statistisch ausgewertet werden. Das geschieht vor allem mit sogenannten Analyseprogrammen.<\/p><p>Detaillierte Informationen zu diesen Analyseprogrammen finden Sie in der folgenden Datenschutzerkla\u0308rung.<\/p><p>Zur Analyse des Nutzerverhaltens verwenden wir das WordPress-Plugin Statify. Es werden keine Cookies gesetzt und keine personenbezogenen Daten gespeichert. IP-Adressen werden nicht dauerhaft gespeichert und nicht mit anderen Daten zusammengef\u00fchrt.<\/p><\/div><\/div><\/div><\/div>\t\t\t\t\t\t\t\t<\/div>\n\t\t\t\t\t<\/div>\n\t\t\t\t<\/div>\n\t\t<div class=\"elementor-element elementor-element-07c9306 e-flex e-con-boxed e-con e-parent\" data-id=\"07c9306\" data-element_type=\"container\" data-e-type=\"container\">\n\t\t\t\t\t<div class=\"e-con-inner\">\n\t\t\t\t<div class=\"elementor-element elementor-element-c7e459b elementor-widget elementor-widget-text-editor\" data-id=\"c7e459b\" data-element_type=\"widget\" data-e-type=\"widget\" data-widget_type=\"text-editor.default\">\n\t\t\t\t\t\t\t\t\t<div class=\"page\" title=\"Page 2\">\n<div class=\"section\">\n<div class=\"layoutArea\">\n<div class=\"column\">\u00a0<\/div>\n<\/div>\n<\/div>\n<\/div>\n<div class=\"page\" title=\"Page 3\">\n<div class=\"section\">\n<div class=\"layoutArea\">\n<div class=\"column\">\n<h4>2. Hosting<\/h4>\n<p>Wir hosten die Inhalte unserer Website bei folgendem Anbieter:<\/p>\n<h5>IONOS<\/h5>\n<p>Anbieter ist die IONOS SE, Elgendorfer Str. 57, 56410 Montabaur (nachfolgend IONOS). Wenn Sie unsere Website besuchen, erfasst IONOS verschiedene Logfiles inklusive Ihrer IP-Adressen. Details entnehmen Sie der Datenschutzerkla\u0308rung von IONOS:<br \/><a href=\"https:\/\/www.ionos.de\/terms-gtc\/terms-privacy\">https:\/\/www.ionos.de\/terms-gtc\/terms-privacy<\/a>.<\/p>\n<p>Die Verwendung von IONOS erfolgt auf Grundlage von Art. 6 Abs. 1 lit. f DSGVO. Wir haben ein berechtigtes Interesse an einer mo\u0308glichst zuverla\u0308ssigen Darstellung unserer Website. Sofern eine entsprechende Einwilligung abgefragt wurde, erfolgt die Verarbeitung ausschlie\u00dflich auf Grundlage von Art. 6 Abs. 1 lit. a DSGVO und \u00a7 25 Abs. 1 TDDDG, soweit die Einwilligung die Speicherung von Cookies oder den Zugriff auf Informationen im Endgera\u0308t des Nutzers (z. B. Device-Fingerprinting) im Sinne des TDDDG umfasst. Die Einwilligung ist jederzeit widerrufbar.<\/p>\n<h6>Auftragsverarbeitung<\/h6>\n<p>Wir haben einen Vertrag u\u0308ber Auftragsverarbeitung (AVV) zur Nutzung des oben genannten Dienstes geschlossen. Hierbei handelt es sich um einen datenschutzrechtlich vorgeschriebenen Vertrag, der gewa\u0308hrleistet, dass dieser die personenbezogenen Daten unserer Websitebesucher nur nach unseren Weisungen und unter Einhaltung der DSGVO verarbeitet.<\/p>\n<p>\u00a0<\/p>\n<\/div>\n<\/div>\n<\/div>\n<\/div>\t\t\t\t\t\t\t\t<\/div>\n\t\t\t\t<div class=\"elementor-element elementor-element-d48ced9 elementor-widget elementor-widget-text-editor\" data-id=\"d48ced9\" data-element_type=\"widget\" data-e-type=\"widget\" data-widget_type=\"text-editor.default\">\n\t\t\t\t\t\t\t\t\t<div class=\"page\" title=\"Page 2\">\n<div class=\"section\">\n<h4 class=\"layoutArea\">3. Allgemeine Hinweise und Pflichtinformationen<\/h4>\n<\/div>\n<\/div>\n<div class=\"page\" title=\"Page 4\">\n<div class=\"section\">\n<div class=\"layoutArea\">\n<div class=\"column\">\n<h5>Datenschutz<\/h5>\n<p>Die Betreiber dieser Seiten nehmen den Schutz Ihrer perso\u0308nlichen Daten sehr ernst. Wir behandeln Ihre personenbezogenen Daten vertraulich und entsprechend den gesetzlichen Datenschutzvorschriften sowie dieser Datenschutzerkla\u0308rung.<\/p>\n<p>Wenn Sie diese Website benutzen, werden verschiedene personenbezogene Daten erhoben. Personenbezogene Daten sind Daten, mit denen Sie perso\u0308nlich identifiziert werden ko\u0308nnen. Die vorliegende Datenschutzerkla\u0308rung erla\u0308utert, welche Daten wir erheben und wofu\u0308r wir sie nutzen. Sie erla\u0308utert auch, wie und zu welchem Zweck das geschieht.<\/p>\n<p>Wir weisen darauf hin, dass die Datenu\u0308bertragung im Internet (z. B. bei der Kommunikation per E-Mail) Sicherheitslu\u0308cken aufweisen kann. Ein lu\u0308ckenloser Schutz der Daten vor dem Zugriff durch Dritte ist nicht mo\u0308glich.<\/p>\n<h5>\u00a0<\/h5>\n<h5>Hinweis zur verantwortlichen Stelle<\/h5>\n<p>Die verantwortliche Stelle fu\u0308r die Datenverarbeitung auf dieser Website ist:<\/p>\n<p>a.a.a. Arbeitskreis fu\u0308r ausla\u0308ndische Arbeitnehmer \u2013 Initiativen fu\u0308r Menschen mit Ein- und Zuwanderungshintergrund e.V.<br \/>Erhardigasse 7<br \/>93047 Regensburg<\/p>\n<p>Telefon: 0941560718<br \/>E-Mail: vorstand@aaa-regensburg.de<\/p>\n<p>Verantwortliche Stelle ist die natu\u0308rliche oder juristische Person, die allein oder gemeinsam mit anderen u\u0308ber die Zwecke und Mittel der Verarbeitung von personenbezogenen Daten (z. B. Namen, E-Mail-Adressen o. A\u0308.) entscheidet.<\/p>\n<h5>\u00a0<\/h5>\n<h5>Speicherdauer<\/h5>\n<p>Soweit innerhalb dieser Datenschutzerkla\u0308rung keine speziellere Speicherdauer genannt wurde, verbleiben Ihre personenbezogenen Daten bei uns, bis der Zweck fu\u0308r die Datenverarbeitung entfa\u0308llt. Wenn Sie ein berechtigtes Lo\u0308schersuchen geltend machen oder eine Einwilligung zur Datenverarbeitung widerrufen, werden Ihre Daten gelo\u0308scht, sofern wir keine anderen rechtlich zula\u0308ssigen Gru\u0308nde fu\u0308r die Speicherung Ihrer personenbezogenen Daten haben (z. B. steuer- oder handelsrechtliche Aufbewahrungsfristen); im letztgenannten Fall erfolgt die Lo\u0308schung nach Fortfall dieser Gru\u0308nde.<\/p>\n<h5>\u00a0<\/h5>\n<h5>Allgemeine Hinweise zu den Rechtsgrundlagen der Datenverarbeitung auf dieser Website<\/h5>\n<p>Sofern Sie in die Datenverarbeitung eingewilligt haben, verarbeiten wir Ihre personenbezogenen Daten auf Grundlage von Art. 6 Abs. 1 lit. a DSGVO bzw. Art. 9 Abs. 2 lit. a DSGVO, sofern besondere Datenkategorien nach Art. 9 Abs. 1 DSGVO verarbeitet werden. Im Falle einer ausdru\u0308cklichen Einwilligung in die U\u0308bertragung personenbezogener Daten in Drittstaaten erfolgt die Datenverarbeitung au\u00dferdem auf Grundlage von Art. 49 Abs. 1 lit. a DSGVO. Sofern Sie in die Speicherung von Cookies oder in den Zugriff auf Informationen in Ihr Endgera\u0308t (z. B. via Device-Fingerprinting) eingewilligt haben, erfolgt die Datenverarbeitung zusa\u0308tzlich auf Grundlage von \u00a7 25 Abs. 1 TDDDG. Die Einwilligung ist jederzeit widerrufbar. Sind Ihre Daten zur Vertragserfu\u0308llung oder zur Durchfu\u0308hrung vorvertraglicher Ma\u00dfnahmen erforderlich, verarbeiten wir Ihre Daten auf Grundlage des Art. 6 Abs. 1 lit. b DSGVO. Des Weiteren verarbeiten wir Ihre Daten, sofern diese zur Erfu\u0308llung einer rechtlichen Verpflichtung erforderlich sind auf Grundlage von Art. 6 Abs. 1 lit. c DSGVO. Die Datenverarbeitung kann ferner auf Grundlage unseres berechtigten Interesses nach Art. 6 Abs. 1 lit. f DSGVO erfolgen. U\u0308ber die jeweils im Einzelfall einschla\u0308gigen Rechtsgrundlagen wird in den folgenden Absa\u0308tzen dieser Datenschutzerkla\u0308rung informiert.<\/p>\n<\/div>\n<\/div>\n<\/div>\n<\/div>\n<div class=\"page\" title=\"Page 5\">\n<div class=\"section\">\n<div class=\"layoutArea\">\n<div class=\"column\">\n<h5>\u00a0<\/h5>\n<h5>Empfa\u0308nger von personenbezogenen Daten<\/h5>\n<p>Im Rahmen unserer Gescha\u0308ftsta\u0308tigkeit arbeiten wir mit verschiedenen externen Stellen zusammen. Dabei ist teilweise auch eine U\u0308bermittlung von personenbezogenen Daten an diese externen Stellen erforderlich. Wir geben personenbezogene Daten nur dann an externe Stellen weiter, wenn dies im Rahmen einer Vertragserfu\u0308llung erforderlich ist, wenn wir gesetzlich hierzu verpflichtet sind (z. B. Weitergabe von Daten an Steuerbeho\u0308rden), wenn wir ein berechtigtes Interesse nach Art. 6 Abs. 1 lit. f DSGVO an der Weitergabe haben oder wenn eine sonstige Rechtsgrundlage die Datenweitergabe erlaubt. Beim Einsatz von Auftragsverarbeitern geben wir personenbezogene Daten unserer Kunden nur auf Grundlage eines gu\u0308ltigen Vertrags u\u0308ber Auftragsverarbeitung weiter. Im Falle einer gemeinsamen Verarbeitung wird ein Vertrag u\u0308ber gemeinsame Verarbeitung geschlossen.<\/p>\n<h5>\u00a0<\/h5>\n<h5>Widerruf Ihrer Einwilligung zur Datenverarbeitung<\/h5>\n<p>Viele Datenverarbeitungsvorga\u0308nge sind nur mit Ihrer ausdru\u0308cklichen Einwilligung mo\u0308glich. Sie ko\u0308nnen eine bereits erteilte Einwilligung jederzeit widerrufen. Die Rechtma\u0308\u00dfigkeit der bis zum Widerruf erfolgten Datenverarbeitung bleibt vom Widerruf unberu\u0308hrt.<\/p>\n<h5>\u00a0<\/h5>\n<h5>Widerspruchsrecht gegen die Datenerhebung in besonderen Fa\u0308llen sowie gegen Direktwerbung (Art. 21 DSGVO)<\/h5>\n<p>WENN DIE DATENVERARBEITUNG AUF GRUNDLAGE VON ART. 6 ABS. 1 LIT. E ODER F DSGVO ERFOLGT, HABEN SIE JEDERZEIT DAS RECHT, AUS GRU\u0308NDEN, DIE SICH AUS IHRER BESONDEREN SITUATION ERGEBEN, GEGEN DIE VERARBEITUNG IHRER PERSONENBEZOGENEN DATEN WIDERSPRUCH EINZULEGEN; DIES GILT AUCH FU\u0308R EIN AUF DIESE BESTIMMUNGEN GESTU\u0308TZTES PROFILING. DIE JEWEILIGE RECHTSGRUNDLAGE, AUF DENEN EINE VERARBEITUNG BERUHT, ENTNEHMEN SIE DIESER DATENSCHUTZERKLA\u0308RUNG. WENN SIE WIDERSPRUCH EINLEGEN, WERDEN WIR IHRE BETROFFENEN PERSONENBEZOGENEN DATEN NICHT MEHR VERARBEITEN, ES SEI DENN, WIR KO\u0308NNEN ZWINGENDE SCHUTZWU\u0308RDIGE GRU\u0308NDE FU\u0308R DIE VERARBEITUNG NACHWEISEN, DIE IHRE INTERESSEN, RECHTE UND FREIHEITEN U\u0308BERWIEGEN ODER DIE VERARBEITUNG DIENT DER GELTENDMACHUNG, AUSU\u0308BUNG ODER VERTEIDIGUNG VON RECHTSANSPRU\u0308CHEN (WIDERSPRUCH NACH ART. 21 ABS. 1 DSGVO).<\/p>\n<p>WERDEN IHRE PERSONENBEZOGENEN DATEN VERARBEITET, UM DIREKTWERBUNG ZU BETREIBEN, SO HABEN SIE DAS RECHT, JEDERZEIT WIDERSPRUCH GEGEN DIE VERARBEITUNG SIE BETREFFENDER PERSONENBEZOGENER DATEN ZUM ZWECKE DERARTIGER WERBUNG EINZULEGEN; DIES GILT AUCH FU\u0308R DAS PROFILING, SOWEIT ES MIT SOLCHER DIREKTWERBUNG IN VERBINDUNG STEHT. WENN SIE WIDERSPRECHEN, WERDEN IHRE PERSONENBEZOGENEN DATEN ANSCHLIESSEND NICHT MEHR ZUM ZWECKE DER DIREKTWERBUNG VERWENDET (WIDERSPRUCH NACH ART. 21 ABS. 2 DSGVO).<\/p>\n<h5>\u00a0<\/h5>\n<h5>Beschwerderecht bei der zusta\u0308ndigen Aufsichtsbeho\u0308rde<\/h5>\n<p>Im Falle von Versto\u0308\u00dfen gegen die DSGVO steht den Betroffenen ein Beschwerderecht bei einer Aufsichtsbeho\u0308rde, insbesondere in dem Mitgliedstaat ihres gewo\u0308hnlichen Aufenthalts, ihres Arbeitsplatzes oder des Orts des mutma\u00dflichen Versto\u00dfes zu. Das Beschwerderecht besteht unbeschadet anderweitiger verwaltungsrechtlicher oder gerichtlicher Rechtsbehelfe.<\/p>\n<\/div>\n<\/div>\n<\/div>\n<\/div>\n<div class=\"page\" title=\"Page 6\">\n<div class=\"section\">\n<div class=\"layoutArea\">\n<div class=\"column\">\n<h5>\u00a0<\/h5>\n<h5>Recht auf Datenu\u0308bertragbarkeit<\/h5>\n<p>Sie haben das Recht, Daten, die wir auf Grundlage Ihrer Einwilligung oder in Erfu\u0308llung eines Vertrags automatisiert verarbeiten, an sich oder an einen Dritten in einem ga\u0308ngigen, maschinenlesbaren Format ausha\u0308ndigen zu lassen. Sofern Sie die direkte U\u0308bertragung der Daten an einen anderen Verantwortlichen verlangen, erfolgt dies nur, soweit es technisch machbar ist.<\/p>\n<h5>\u00a0<\/h5>\n<h5>Auskunft, Berichtigung und Lo\u0308schung<\/h5>\n<p>Sie haben im Rahmen der geltenden gesetzlichen Bestimmungen jederzeit das Recht auf unentgeltliche Auskunft u\u0308ber Ihre gespeicherten personenbezogenen Daten, deren Herkunft und Empfa\u0308nger und den Zweck der Datenverarbeitung und ggf. ein Recht auf Berichtigung oder Lo\u0308schung dieser Daten. Hierzu sowie zu weiteren Fragen zum Thema personenbezogene Daten ko\u0308nnen Sie sich jederzeit an uns wenden.<\/p>\n<h5>\u00a0<\/h5>\n<h5>Recht auf Einschra\u0308nkung der Verarbeitung<\/h5>\n<p>Sie haben das Recht, die Einschra\u0308nkung der Verarbeitung Ihrer personenbezogenen Daten zu verlangen. Hierzu ko\u0308nnen Sie sich jederzeit an uns wenden. Das Recht auf Einschra\u0308nkung der Verarbeitung besteht in folgenden Fa\u0308llen:<\/p>\n<ul>\n<li>Wenn Sie die Richtigkeit Ihrer bei uns gespeicherten personenbezogenen Daten bestreiten, beno\u0308tigen wir in der Regel Zeit, um dies zu u\u0308berpru\u0308fen. Fu\u0308r die Dauer der Pru\u0308fung haben Sie das Recht, die Einschra\u0308nkung der Verarbeitung Ihrer personenbezogenen Daten zu verlangen.<\/li>\n<li>Wenn die Verarbeitung Ihrer personenbezogenen Daten unrechtma\u0308\u00dfig geschah\/geschieht, ko\u0308nnen Sie statt der Lo\u0308schung die Einschra\u0308nkung der Datenverarbeitung verlangen.<\/li>\n<li>Wenn wir Ihre personenbezogenen Daten nicht mehr beno\u0308tigen, Sie sie jedoch zur Ausu\u0308bung, Verteidigung oder Geltendmachung von Rechtsanspru\u0308chen beno\u0308tigen, haben Sie das Recht, statt der Lo\u0308schung die Einschra\u0308nkung der Verarbeitung Ihrer personenbezogenen Daten zu verlangen.<\/li>\n<li>Wenn Sie einen Widerspruch nach Art. 21 Abs. 1 DSGVO eingelegt haben, muss eine Abwa\u0308gung zwischen Ihren und unseren Interessen vorgenommen werden. Solange noch nicht feststeht, wessen Interessen u\u0308berwiegen, haben Sie das Recht, die Einschra\u0308nkung der Verarbeitung Ihrer personenbezogenen Daten zu verlangen.<\/li>\n<\/ul>\n<p>Wenn Sie die Verarbeitung Ihrer personenbezogenen Daten eingeschra\u0308nkt haben, du\u0308rfen diese Daten \u2013 von ihrer Speicherung abgesehen \u2013 nur mit Ihrer Einwilligung oder zur Geltendmachung, Ausu\u0308bung oder Verteidigung von Rechtsanspru\u0308chen oder zum Schutz der Rechte einer anderen natu\u0308rlichen oder juristischen Person oder aus Gru\u0308nden eines wichtigen o\u0308ffentlichen Interesses der Europa\u0308ischen Union oder eines Mitgliedstaats verarbeitet werden.<\/p>\n<\/div>\n<\/div>\n<\/div>\n<\/div>\n<div class=\"page\" title=\"Page 8\">\n<div class=\"section\">\n<div class=\"layoutArea\">\n<div class=\"column\">\n<p>\u00a0<\/p>\n<\/div>\n<\/div>\n<\/div>\n<\/div>\t\t\t\t\t\t\t\t<\/div>\n\t\t\t\t<div class=\"elementor-element elementor-element-1ac5fbb elementor-widget elementor-widget-text-editor\" data-id=\"1ac5fbb\" data-element_type=\"widget\" data-e-type=\"widget\" data-widget_type=\"text-editor.default\">\n\t\t\t\t\t\t\t\t\t<div class=\"page\" title=\"Page 6\">\n<div class=\"section\">\n<div class=\"layoutArea\">\n<div class=\"column\">\n<h4>4. Datenerfassung auf dieser Website<\/h4>\n<h5>Cookies<\/h5>\n<p>Unsere Internetseiten verwenden so genannte \u201eCookies\u201c. Cookies sind kleine Datenpakete und richten auf Ihrem Endgera\u0308t keinen Schaden an. Sie werden entweder voru\u0308bergehend fu\u0308r die Dauer einer Sitzung (Session-Cookies) oder dauerhaft (permanente Cookies) auf Ihrem Endgera\u0308t gespeichert. Session-Cookies werden nach Ende Ihres Besuchs automatisch gelo\u0308scht. Permanente Cookies bleiben auf Ihrem Endgera\u0308t gespeichert, bis Sie diese selbst lo\u0308schen oder eine automatische Lo\u0308schung durch Ihren Webbrowser erfolgt.<\/p>\n<p>Cookies ko\u0308nnen von uns (First-Party-Cookies) oder von Drittunternehmen stammen (sog. Third-Party-Cookies). Third-Party-Cookies ermo\u0308glichen die Einbindung bestimmter Dienstleistungen von Drittunternehmen innerhalb von Webseiten (z. B. Cookies zur Abwicklung von Zahlungsdienstleistungen).<\/p>\n<\/div>\n<\/div>\n<\/div>\n<\/div>\n<div class=\"page\" title=\"Page 7\">\n<div class=\"section\">\n<div class=\"layoutArea\">\n<div class=\"column\">\n<p>Cookies haben verschiedene Funktionen. Zahlreiche Cookies sind technisch notwendig, da bestimmte Webseitenfunktionen ohne diese nicht funktionieren wu\u0308rden (z. B. die Warenkorbfunktion oder die Anzeige von Videos). Andere Cookies ko\u0308nnen zur Auswertung des Nutzerverhaltens oder zu Werbezwecken verwendet werden.<\/p>\n<p>Cookies, die zur Durchfu\u0308hrung des elektronischen Kommunikationsvorgangs, zur Bereitstellung bestimmter, von Ihnen erwu\u0308nschter Funktionen (z. B. fu\u0308r die Warenkorbfunktion) oder zur Optimierung der Website (z. B. Cookies zur Messung des Webpublikums) erforderlich sind (notwendige Cookies), werden auf Grundlage von Art. 6 Abs. 1 lit. f DSGVO gespeichert, sofern keine andere Rechtsgrundlage angegeben wird. Der Websitebetreiber hat ein berechtigtes Interesse an der Speicherung von notwendigen Cookies zur technisch fehlerfreien und optimierten Bereitstellung seiner Dienste. Sofern eine Einwilligung zur Speicherung von Cookies und vergleichbaren Wiedererkennungstechnologien abgefragt wurde, erfolgt die Verarbeitung ausschlie\u00dflich auf Grundlage dieser Einwilligung (Art. 6 Abs. 1 lit. a DSGVO und \u00a7 25 Abs. 1 TDDDG); die Einwilligung ist jederzeit widerrufbar.<\/p>\n<p>Sie ko\u0308nnen Ihren Browser so einstellen, dass Sie u\u0308ber das Setzen von Cookies informiert werden und Cookies nur im Einzelfall erlauben, die Annahme von Cookies fu\u0308r bestimmte Fa\u0308lle oder generell ausschlie\u00dfen sowie das automatische Lo\u0308schen der Cookies beim Schlie\u00dfen des Browsers aktivieren. Bei der Deaktivierung von Cookies kann die Funktionalita\u0308t dieser Website eingeschra\u0308nkt sein.<\/p>\n<p>Sofern weitere Cookies und Dienste auf dieser Website eingesetzt werden, ko\u0308nnen Sie dies dieser Datenschutzerkla\u0308rung entnehmen.<\/p>\n<h5>\u00a0<\/h5>\n<h5>Server-Log-Dateien<\/h5>\n<p>Der Provider der Seiten erhebt und speichert automatisch Informationen in so genannten Server-Log- Dateien, die Ihr Browser automatisch an uns u\u0308bermittelt. Dies sind:<\/p>\n<ul>\n<li>Browsertyp und Browserversion<\/li>\n<li>verwendetes Betriebssystem<\/li>\n<li>Referrer URL<\/li>\n<li>Hostname des zugreifenden Rechners<\/li>\n<li>Uhrzeit der Serveranfrage<\/li>\n<li>IP-Adresse<\/li>\n<\/ul>\n<p>Eine Zusammenfu\u0308hrung dieser Daten mit anderen Datenquellen wird nicht vorgenommen.<\/p>\n<p>Die Erfassung dieser Daten erfolgt auf Grundlage von Art. 6 Abs. 1 lit. f DSGVO. Der Websitebetreiber hat ein berechtigtes Interesse an der technisch fehlerfreien Darstellung und der Optimierung seiner Website \u2013 hierzu mu\u0308ssen die Server-Log-Files erfasst werden.<\/p>\n<h5>\u00a0<\/h5>\n<h5>Anfrage per E-Mail, Telefon oder Telefax<\/h5>\n<p>Wenn Sie uns per E-Mail, Telefon oder Telefax kontaktieren, wird Ihre Anfrage inklusive aller daraus hervorgehenden personenbezogenen Daten (Name, Anfrage) zum Zwecke der Bearbeitung Ihres Anliegens bei uns gespeichert und verarbeitet. Diese Daten geben wir nicht ohne Ihre Einwilligung weiter.<\/p>\n<p>Die Verarbeitung dieser Daten erfolgt auf Grundlage von Art. 6 Abs. 1 lit. b DSGVO, sofern Ihre Anfrage mit der Erfu\u0308llung eines Vertrags zusammenha\u0308ngt oder zur Durchfu\u0308hrung vorvertraglicher Ma\u00dfnahmen erforderlich ist. In allen u\u0308brigen Fa\u0308llen beruht die Verarbeitung auf unserem berechtigten Interesse an der effektiven Bearbeitung der an uns gerichteten Anfragen (Art. 6 Abs. 1 lit. f DSGVO) oder auf Ihrer Einwilligung (Art. 6 Abs. 1 lit. a DSGVO) sofern diese abgefragt wurde; die Einwilligung ist jederzeit widerrufbar.<\/p>\n<\/div>\n<\/div>\n<\/div>\n<\/div>\n<div class=\"page\" title=\"Page 8\">\n<div class=\"section\">\n<div class=\"layoutArea\">\n<div class=\"column\">\n<p>Die von Ihnen an uns per Kontaktanfragen u\u0308bersandten Daten verbleiben bei uns, bis Sie uns zur Lo\u0308schung auffordern, Ihre Einwilligung zur Speicherung widerrufen oder der Zweck fu\u0308r die Datenspeicherung entfa\u0308llt (z. B. nach abgeschlossener Bearbeitung Ihres Anliegens). Zwingende gesetzliche Bestimmungen \u2013 insbesondere gesetzliche Aufbewahrungsfristen \u2013 bleiben unberu\u0308hrt.<\/p>\n<p>\u00a0<\/p>\n<\/div>\n<\/div>\n<\/div>\n<\/div>\t\t\t\t\t\t\t\t<\/div>\n\t\t\t\t<div class=\"elementor-element elementor-element-fa8ccf3 elementor-widget elementor-widget-text-editor\" data-id=\"fa8ccf3\" data-element_type=\"widget\" data-e-type=\"widget\" data-widget_type=\"text-editor.default\">\n\t\t\t\t\t\t\t\t\t<div class=\"page\" title=\"Page 8\"><div class=\"section\"><div class=\"layoutArea\"><div class=\"column\"><h4>5. Plugins und Tools<\/h4><h5>Google Maps<\/h5><p>Diese Seite nutzt den Kartendienst Google Maps. Anbieter ist die Google Ireland Limited (\u201eGoogle\u201c), Gordon House, Barrow Street, Dublin 4, Irland. Mit Hilfe dieses Dienstes ko\u0308nnen wir Kartenmaterial auf unserer Website einbinden.<\/p><p>Zur Nutzung der Funktionen von Google Maps ist es notwendig, Ihre IP-Adresse zu speichern. Diese Informationen werden in der Regel an einen Server von Google in den USA u\u0308bertragen und dort gespeichert. Der Anbieter dieser Seite hat keinen Einfluss auf diese Datenu\u0308bertragung. Wenn Google Maps aktiviert ist, kann Google zum Zwecke der einheitlichen Darstellung der Schriftarten Google Fonts verwenden. Beim Aufruf von Google Maps la\u0308dt Ihr Browser die beno\u0308tigten Web Fonts in ihren Browsercache, um Texte und Schriftarten korrekt anzuzeigen.<\/p><p>Die Nutzung von Google Maps erfolgt im Interesse einer ansprechenden Darstellung unserer Online- Angebote und an einer leichten Auffindbarkeit der von uns auf der Website angegebenen Orte. Dies stellt ein berechtigtes Interesse im Sinne von Art. 6 Abs. 1 lit. f DSGVO dar. Sofern eine entsprechende Einwilligung abgefragt wurde, erfolgt die Verarbeitung ausschlie\u00dflich auf Grundlage von Art. 6 Abs. 1 lit. a DSGVO und \u00a7 25 Abs. 1 TDDDG, soweit die Einwilligung die Speicherung von Cookies oder den Zugriff auf Informationen im Endgera\u0308t des Nutzers (z. B. Device-Fingerprinting) im Sinne des TDDDG umfasst. Die Einwilligung ist jederzeit widerrufbar.<\/p><p>Die Datenu\u0308bertragung in die USA wird auf die Standardvertragsklauseln der EU-Kommission gestu\u0308tzt. Details finden Sie hier:<br \/><a href=\"https:\/\/privacy.google.com\/businesses\/gdprcontrollerterms\/\">https:\/\/privacy.google.com\/businesses\/gdprcontrollerterms\/<\/a> und <br \/><a href=\"https:\/\/privacy.google.com\/businesses\/gdprcontrollerterms\/sccs\/\">https:\/\/privacy.google.com\/businesses\/gdprcontrollerterms\/sccs\/<\/a>.<\/p><p>Mehr Informationen zum Umgang mit Nutzerdaten finden Sie in der Datenschutzerkla\u0308rung von Google: <a href=\"https:\/\/policies.google.com\/privacy?hl=de\">https:\/\/policies.google.com\/privacy?hl=de<\/a>.<\/p><p>Das Unternehmen verfu\u0308gt u\u0308ber eine Zertifizierung nach dem \u201eEU-US Data Privacy Framework\u201c (DPF). Der DPF ist ein U\u0308bereinkommen zwischen der Europa\u0308ischen Union und den USA, der die Einhaltung europa\u0308ischer Datenschutzstandards bei Datenverarbeitungen in den USA gewa\u0308hrleisten soll. Jedes nach dem DPF zertifizierte Unternehmen verpflichtet sich, diese Datenschutzstandards einzuhalten. Weitere Informationen hierzu erhalten Sie vom Anbieter unter folgendem Link: <a href=\"https:\/\/www.dataprivacyframework.gov\/participant\/5780\">https:\/\/www.dataprivacyframework.gov\/participant\/5780<\/a>.<\/p><\/div><\/div><div class=\"layoutArea\"><div class=\"column\"><p>Quelle:<br \/><a href=\"https:\/\/www.e-recht24.de\">https:\/\/www.e-recht24.de<\/a><\/p><p>\u00a0<\/p><\/div><h5>betterplace.org (Spendenformular)<\/h5><p>Auf unserer Website ist ein Spendenformular der betterplace.org gGmbH, Schlesische Stra\u00dfe 26, 10977 Berlin eingebunden. Anbieter ist die gut.org gemeinn\u00fctzige Aktiengesellschaft, Betreiberin der Online-Spendenplattform betterplace.org.<\/p><p>Beim Laden dieses Inhalts werden personenbezogene Daten (insbesondere die IP-Adresse) an betterplace.org \u00fcbermittelt.<\/p><p>Die Einbindung erfolgt ausschlie\u00dflich nach Ihrer Einwilligung gem\u00e4\u00df Art. 6 Abs. 1 lit. a DSGVO \u00fcber unser Cookie-Consent-Tool. Die Einwilligung kann jederzeit widerrufen werden.<\/p><p>\u00a0<\/p><\/div><h5>Wordfence Security<\/h5><p>Diese Website nutzt das Plugin Wordfence Security zur Absicherung gegen unbefugte Zugriffe und Angriffe.<br \/>Dabei k\u00f6nnen IP-Adressen und sicherheitsrelevante Zugriffsdaten verarbeitet und auf Servern von Wordfence gespeichert werden.<br \/>Rechtsgrundlage ist Art. 6 Abs. 1 lit. f DSGVO (berechtigtes Interesse an der Sicherheit der Website).<\/p><\/div><\/div>\t\t\t\t\t\t\t\t<\/div>\n\t\t\t\t\t<\/div>\n\t\t\t\t<\/div>\n\t\t\t\t<\/div>","protected":false},"excerpt":{"rendered":"<p>Datenschutzerkl\u00e4rung 1. Datenschutz auf einen Blick Allgemeine Hinweise Die folgenden Hinweise geben einen einfachen U\u0308berblick daru\u0308ber, was mit Ihren personenbezogenen [&hellip;]<\/p>\n","protected":false},"author":1,"featured_media":0,"parent":0,"menu_order":0,"comment_status":"closed","ping_status":"open","template":"","meta":{"site-sidebar-layout":"default","site-content-layout":"","ast-site-content-layout":"default","site-content-style":"default","site-sidebar-style":"default","ast-global-header-display":"","ast-banner-title-visibility":"","ast-main-header-display":"","ast-hfb-above-header-display":"","ast-hfb-below-header-display":"","ast-hfb-mobile-header-display":"","site-post-title":"disabled","ast-breadcrumbs-content":"","ast-featured-img":"","footer-sml-layout":"","ast-disable-related-posts":"","theme-transparent-header-meta":"","adv-header-id-meta":"","stick-header-meta":"","header-above-stick-meta":"","header-main-stick-meta":"","header-below-stick-meta":"","astra-migrate-meta-layouts":"default","ast-page-background-enabled":"default","ast-page-background-meta":{"desktop":{"background-color":"var(--ast-global-color-5)","background-image":"","background-repeat":"repeat","background-position":"center center","background-size":"auto","background-attachment":"scroll","background-type":"","background-media":"","overlay-type":"","overlay-color":"","overlay-opacity":"","overlay-gradient":""},"tablet":{"background-color":"","background-image":"","background-repeat":"repeat","background-position":"center center","background-size":"auto","background-attachment":"scroll","background-type":"","background-media":"","overlay-type":"","overlay-color":"","overlay-opacity":"","overlay-gradient":""},"mobile":{"background-color":"","background-image":"","background-repeat":"repeat","background-position":"center center","background-size":"auto","background-attachment":"scroll","background-type":"","background-media":"","overlay-type":"","overlay-color":"","overlay-opacity":"","overlay-gradient":""}},"ast-content-background-meta":{"desktop":{"background-color":"var(--ast-global-color-4)","background-image":"","background-repeat":"repeat","background-position":"center center","background-size":"auto","background-attachment":"scroll","background-type":"","background-media":"","overlay-type":"","overlay-color":"","overlay-opacity":"","overlay-gradient":""},"tablet":{"background-color":"var(--ast-global-color-4)","background-image":"","background-repeat":"repeat","background-position":"center center","background-size":"auto","background-attachment":"scroll","background-type":"","background-media":"","overlay-type":"","overlay-color":"","overlay-opacity":"","overlay-gradient":""},"mobile":{"background-color":"var(--ast-global-color-4)","background-image":"","background-repeat":"repeat","background-position":"center center","background-size":"auto","background-attachment":"scroll","background-type":"","background-media":"","overlay-type":"","overlay-color":"","overlay-opacity":"","overlay-gradient":""}},"footnotes":""},"class_list":["post-3","page","type-page","status-publish","hentry"],"yoast_head":"<!-- This site is optimized with the Yoast SEO plugin v27.5 - https:\/\/yoast.com\/product\/yoast-seo-wordpress\/ -->\n<title>Datenschutz &#8211; SuPortA \u2013 Care Together<\/title>\n<meta name=\"robots\" content=\"index, follow, max-snippet:-1, max-image-preview:large, max-video-preview:-1\" \/>\n<link rel=\"canonical\" href=\"https:\/\/suporta.de\/ar\/privacy-policy\/\" \/>\n<meta property=\"og:locale\" content=\"ar_AR\" \/>\n<meta property=\"og:type\" content=\"article\" \/>\n<meta property=\"og:title\" content=\"Datenschutz &#8211; SuPortA \u2013 Care Together\" \/>\n<meta property=\"og:description\" content=\"Datenschutzerkl\u00e4rung 1. Datenschutz auf einen Blick Allgemeine Hinweise Die folgenden Hinweise geben einen einfachen U\u0308berblick daru\u0308ber, was mit Ihren personenbezogenen [&hellip;]\" \/>\n<meta property=\"og:url\" content=\"https:\/\/suporta.de\/ar\/privacy-policy\/\" \/>\n<meta property=\"og:site_name\" content=\"SuPortA \u2013 Care Together\" \/>\n<meta property=\"article:modified_time\" content=\"2026-04-28T18:16:56+00:00\" \/>\n<meta name=\"twitter:card\" content=\"summary_large_image\" \/>\n<meta name=\"twitter:label1\" content=\"\u0648\u0642\u062a \u0627\u0644\u0642\u0631\u0627\u0621\u0629 \u0627\u0644\u0645\u064f\u0642\u062f\u0651\u0631\" \/>\n\t<meta name=\"twitter:data1\" content=\"16 \u062f\u0642\u064a\u0642\u0629\" \/>\n<script type=\"application\/ld+json\" class=\"yoast-schema-graph\">{\"@context\":\"https:\\\/\\\/schema.org\",\"@graph\":[{\"@type\":\"WebPage\",\"@id\":\"https:\\\/\\\/suporta.de\\\/privacy-policy\\\/\",\"url\":\"https:\\\/\\\/suporta.de\\\/privacy-policy\\\/\",\"name\":\"Datenschutz &#8211; SuPortA \u2013 Care Together\",\"isPartOf\":{\"@id\":\"https:\\\/\\\/suporta.de\\\/#website\"},\"datePublished\":\"2026-04-02T10:04:00+00:00\",\"dateModified\":\"2026-04-28T18:16:56+00:00\",\"breadcrumb\":{\"@id\":\"https:\\\/\\\/suporta.de\\\/privacy-policy\\\/#breadcrumb\"},\"inLanguage\":\"ar\",\"potentialAction\":[{\"@type\":\"ReadAction\",\"target\":[\"https:\\\/\\\/suporta.de\\\/privacy-policy\\\/\"]}]},{\"@type\":\"BreadcrumbList\",\"@id\":\"https:\\\/\\\/suporta.de\\\/privacy-policy\\\/#breadcrumb\",\"itemListElement\":[{\"@type\":\"ListItem\",\"position\":1,\"name\":\"Start\",\"item\":\"https:\\\/\\\/suporta.de\\\/\"},{\"@type\":\"ListItem\",\"position\":2,\"name\":\"Datenschutz\"}]},{\"@type\":\"WebSite\",\"@id\":\"https:\\\/\\\/suporta.de\\\/#website\",\"url\":\"https:\\\/\\\/suporta.de\\\/\",\"name\":\"suporta\",\"description\":\"Psychosoziale Anlaufstelle f\u00fcr Gefl\u00fcchtete | a.a.a. e.V.\",\"publisher\":{\"@id\":\"https:\\\/\\\/suporta.de\\\/#organization\"},\"potentialAction\":[{\"@type\":\"SearchAction\",\"target\":{\"@type\":\"EntryPoint\",\"urlTemplate\":\"https:\\\/\\\/suporta.de\\\/?s={search_term_string}\"},\"query-input\":{\"@type\":\"PropertyValueSpecification\",\"valueRequired\":true,\"valueName\":\"search_term_string\"}}],\"inLanguage\":\"ar\"},{\"@type\":\"Organization\",\"@id\":\"https:\\\/\\\/suporta.de\\\/#organization\",\"name\":\"Suporta \u2013 Care Together \\\/ a.a.a. e.V. Regensburg\",\"url\":\"https:\\\/\\\/suporta.de\\\/\",\"logo\":{\"@type\":\"ImageObject\",\"inLanguage\":\"ar\",\"@id\":\"https:\\\/\\\/suporta.de\\\/#\\\/schema\\\/logo\\\/image\\\/\",\"url\":\"https:\\\/\\\/suporta.de\\\/wp-content\\\/uploads\\\/2026\\\/04\\\/aaa_logos_2026_1-1_1.png\",\"contentUrl\":\"https:\\\/\\\/suporta.de\\\/wp-content\\\/uploads\\\/2026\\\/04\\\/aaa_logos_2026_1-1_1.png\",\"width\":800,\"height\":275,\"caption\":\"Suporta \u2013 Care Together \\\/ a.a.a. e.V. Regensburg\"},\"image\":{\"@id\":\"https:\\\/\\\/suporta.de\\\/#\\\/schema\\\/logo\\\/image\\\/\"},\"sameAs\":[\"https:\\\/\\\/www.instagram.com\\\/aaa_regensburg\\\/\"]}]}<\/script>\n<!-- \/ Yoast SEO plugin. -->","yoast_head_json":{"title":"Datenschutz &#8211; SuPortA \u2013 Care Together","robots":{"index":"index","follow":"follow","max-snippet":"max-snippet:-1","max-image-preview":"max-image-preview:large","max-video-preview":"max-video-preview:-1"},"canonical":"https:\/\/suporta.de\/ar\/privacy-policy\/","og_locale":"ar_AR","og_type":"article","og_title":"Datenschutz &#8211; SuPortA \u2013 Care Together","og_description":"Datenschutzerkl\u00e4rung 1. Datenschutz auf einen Blick Allgemeine Hinweise Die folgenden Hinweise geben einen einfachen U\u0308berblick daru\u0308ber, was mit Ihren personenbezogenen [&hellip;]","og_url":"https:\/\/suporta.de\/ar\/privacy-policy\/","og_site_name":"SuPortA \u2013 Care Together","article_modified_time":"2026-04-28T18:16:56+00:00","twitter_card":"summary_large_image","twitter_misc":{"\u0648\u0642\u062a \u0627\u0644\u0642\u0631\u0627\u0621\u0629 \u0627\u0644\u0645\u064f\u0642\u062f\u0651\u0631":"16 \u062f\u0642\u064a\u0642\u0629"},"schema":{"@context":"https:\/\/schema.org","@graph":[{"@type":"WebPage","@id":"https:\/\/suporta.de\/privacy-policy\/","url":"https:\/\/suporta.de\/privacy-policy\/","name":"Datenschutz &#8211; SuPortA \u2013 Care Together","isPartOf":{"@id":"https:\/\/suporta.de\/#website"},"datePublished":"2026-04-02T10:04:00+00:00","dateModified":"2026-04-28T18:16:56+00:00","breadcrumb":{"@id":"https:\/\/suporta.de\/privacy-policy\/#breadcrumb"},"inLanguage":"ar","potentialAction":[{"@type":"ReadAction","target":["https:\/\/suporta.de\/privacy-policy\/"]}]},{"@type":"BreadcrumbList","@id":"https:\/\/suporta.de\/privacy-policy\/#breadcrumb","itemListElement":[{"@type":"ListItem","position":1,"name":"Start","item":"https:\/\/suporta.de\/"},{"@type":"ListItem","position":2,"name":"Datenschutz"}]},{"@type":"WebSite","@id":"https:\/\/suporta.de\/#website","url":"https:\/\/suporta.de\/","name":"suporta","description":"Psychosoziale Anlaufstelle f\u00fcr Gefl\u00fcchtete | a.a.a. e.V.","publisher":{"@id":"https:\/\/suporta.de\/#organization"},"potentialAction":[{"@type":"SearchAction","target":{"@type":"EntryPoint","urlTemplate":"https:\/\/suporta.de\/?s={search_term_string}"},"query-input":{"@type":"PropertyValueSpecification","valueRequired":true,"valueName":"search_term_string"}}],"inLanguage":"ar"},{"@type":"Organization","@id":"https:\/\/suporta.de\/#organization","name":"Suporta \u2013 Care Together \/ a.a.a. e.V. Regensburg","url":"https:\/\/suporta.de\/","logo":{"@type":"ImageObject","inLanguage":"ar","@id":"https:\/\/suporta.de\/#\/schema\/logo\/image\/","url":"https:\/\/suporta.de\/wp-content\/uploads\/2026\/04\/aaa_logos_2026_1-1_1.png","contentUrl":"https:\/\/suporta.de\/wp-content\/uploads\/2026\/04\/aaa_logos_2026_1-1_1.png","width":800,"height":275,"caption":"Suporta \u2013 Care Together \/ a.a.a. e.V. Regensburg"},"image":{"@id":"https:\/\/suporta.de\/#\/schema\/logo\/image\/"},"sameAs":["https:\/\/www.instagram.com\/aaa_regensburg\/"]}]}},"_links":{"self":[{"href":"https:\/\/suporta.de\/ar\/wp-json\/wp\/v2\/pages\/3","targetHints":{"allow":["GET"]}}],"collection":[{"href":"https:\/\/suporta.de\/ar\/wp-json\/wp\/v2\/pages"}],"about":[{"href":"https:\/\/suporta.de\/ar\/wp-json\/wp\/v2\/types\/page"}],"author":[{"embeddable":true,"href":"https:\/\/suporta.de\/ar\/wp-json\/wp\/v2\/users\/1"}],"replies":[{"embeddable":true,"href":"https:\/\/suporta.de\/ar\/wp-json\/wp\/v2\/comments?post=3"}],"version-history":[{"count":21,"href":"https:\/\/suporta.de\/ar\/wp-json\/wp\/v2\/pages\/3\/revisions"}],"predecessor-version":[{"id":753,"href":"https:\/\/suporta.de\/ar\/wp-json\/wp\/v2\/pages\/3\/revisions\/753"}],"wp:attachment":[{"href":"https:\/\/suporta.de\/ar\/wp-json\/wp\/v2\/media?parent=3"}],"curies":[{"name":"wp","href":"https:\/\/api.w.org\/{rel}","templated":true}]}}