{"id":61,"date":"2026-04-04T10:52:38","date_gmt":"2026-04-04T08:52:38","guid":{"rendered":"https:\/\/suporta.de\/?page_id=61"},"modified":"2026-04-28T16:19:53","modified_gmt":"2026-04-28T14:19:53","slug":"wer-wir-sind","status":"publish","type":"page","link":"https:\/\/suporta.de\/ar\/wer-wir-sind\/","title":{"rendered":"Wer wir sind"},"content":{"rendered":"<div data-elementor-type=\"wp-page\" data-elementor-id=\"61\" class=\"elementor elementor-61\">\n\t\t\t\t<div class=\"elementor-element elementor-element-753632f e-flex e-con-boxed e-con e-parent\" data-id=\"753632f\" data-element_type=\"container\" data-e-type=\"container\">\n\t\t\t\t\t<div class=\"e-con-inner\">\n\t\t\t\t<div class=\"elementor-element elementor-element-fc8b886 elementor-widget elementor-widget-heading\" data-id=\"fc8b886\" data-element_type=\"widget\" data-e-type=\"widget\" data-widget_type=\"heading.default\">\n\t\t\t\t\t<h2 class=\"elementor-heading-title elementor-size-default\">Wer wir sind<\/h2>\t\t\t\t<\/div>\n\t\t\t\t<div class=\"elementor-element elementor-element-3696e03 elementor-widget elementor-widget-text-editor\" data-id=\"3696e03\" data-element_type=\"widget\" data-e-type=\"widget\" data-widget_type=\"text-editor.default\">\n\t\t\t\t\t\t\t\t\t<p style=\"text-align: center;\"><em>Hier erfahren Sie mehr \u00fcber den a.a.a. e.V., SuPortA, Care Together und unsere F\u00f6rder*innen.<\/em><\/p>\t\t\t\t\t\t\t\t<\/div>\n\t\t\t\t\t\n<hr class=\"e-8301604-1b60fc2 e-divider-base\" data-interaction-id=\"8301604\"   \/>\n\t\t\t\t<div class=\"elementor-element elementor-element-c2f6473 elementor-widget__width-initial elementor-widget elementor-widget-n-accordion\" data-id=\"c2f6473\" data-element_type=\"widget\" data-e-type=\"widget\" data-settings=\"{&quot;max_items_expended&quot;:&quot;multiple&quot;,&quot;n_accordion_animation_duration&quot;:{&quot;unit&quot;:&quot;ms&quot;,&quot;size&quot;:600,&quot;sizes&quot;:[]},&quot;default_state&quot;:&quot;expanded&quot;}\" data-widget_type=\"nested-accordion.default\">\n\t\t\t\t\t\t\t<div class=\"e-n-accordion\" aria-label=\"Accordion. Open links with Enter or Space, close with Escape, and navigate with Arrow Keys\">\n\t\t\t\t\t\t<details id=\"e-n-accordion-item-2040\" class=\"e-n-accordion-item\" open>\n\t\t\t\t<summary class=\"e-n-accordion-item-title\" data-accordion-index=\"1\" tabindex=\"0\" aria-expanded=\"true\" aria-controls=\"e-n-accordion-item-2040\" >\n\t\t\t\t\t<span class='e-n-accordion-item-title-header'><div class=\"e-n-accordion-item-title-text\"> Care Together <\/div><\/span>\n\t\t\t\t\t\t\t<span class='e-n-accordion-item-title-icon'>\n\t\t\t<span class='e-opened' ><svg aria-hidden=\"true\" class=\"e-font-icon-svg e-fas-minus\" viewbox=\"0 0 448 512\" xmlns=\"http:\/\/www.w3.org\/2000\/svg\"><path d=\"M416 208H32c-17.67 0-32 14.33-32 32v32c0 17.67 14.33 32 32 32h384c17.67 0 32-14.33 32-32v-32c0-17.67-14.33-32-32-32z\"><\/path><\/svg><\/span>\n\t\t\t<span class='e-closed'><svg aria-hidden=\"true\" class=\"e-font-icon-svg e-fas-plus\" viewbox=\"0 0 448 512\" xmlns=\"http:\/\/www.w3.org\/2000\/svg\"><path d=\"M416 208H272V64c0-17.67-14.33-32-32-32h-32c-17.67 0-32 14.33-32 32v144H32c-17.67 0-32 14.33-32 32v32c0 17.67 14.33 32 32 32h144v144c0 17.67 14.33 32 32 32h32c17.67 0 32-14.33 32-32V304h144c17.67 0 32-14.33 32-32v-32c0-17.67-14.33-32-32-32z\"><\/path><\/svg><\/span>\n\t\t<\/span>\n\n\t\t\t\t\t\t<\/summary>\n\t\t\t\t<div role=\"region\" aria-labelledby=\"e-n-accordion-item-2040\" class=\"elementor-element elementor-element-00121bc e-con-full e-flex e-con e-child\" data-id=\"00121bc\" data-element_type=\"container\" data-e-type=\"container\">\n\t\t\t\t<div class=\"elementor-element elementor-element-0c97555 elementor-widget elementor-widget-text-editor\" data-id=\"0c97555\" data-element_type=\"widget\" data-e-type=\"widget\" data-widget_type=\"text-editor.default\">\n\t\t\t\t\t\t\t\t\t<p style=\"text-align: left;\" align=\"justify\">Care Together bietet gefl\u00fcchteten Menschen therapeutische und psychosoziale Unterst\u00fctzung. Unser Ziel ist es, Versorgungsl\u00fccken im Gesundheitssystem etwas zu reduzieren und Menschen zu unterst\u00fctzen, die aufgrund von Flucht, Krieg und Verfolgung psychisch belastet sind.<\/p><p align=\"justify\">\u00a0<\/p><p align=\"justify\">\u00a0<\/p><h5 style=\"text-align: left;\">Unser Angebot<\/h5><p style=\"text-align: left;\" align=\"justify\">Wir bieten Psychotherapie f\u00fcr Erwachsene, Kinder und Jugendliche, psychosoziale Beratung sowie ressourcenorientierte Gruppenangebote. Bei Bedarf arbeiten wir mit Sprachmittler*innen zusammen. Unsere Arbeit zielt darauf ab, die Ressourcen unserer Klient*innen zu st\u00e4rken und sie dabei zu unterst\u00fctzen, neue Perspektiven zu entwickeln und ihr Leben m\u00f6glichst selbstbestimmt zu gestalten.<\/p><p align=\"justify\">\u00a0<\/p><p align=\"justify\">\u00a0<\/p><h5 style=\"text-align: left;\">Unsere Haltung<\/h5><p style=\"text-align: left;\" align=\"justify\">Wir arbeiten kultursensibel und diskriminierungskritisch. Dabei verstehen wir Kultur als vielf\u00e4ltig, dynamisch und individuell. Unsere Angebote stehen gefl\u00fcchteten Menschen unabh\u00e4ngig von Nationalit\u00e4t, sexueller Identit\u00e4t und Orientierung sowie politischer, religi\u00f6ser oder ethnischer Zugeh\u00f6rigkeit offen. F\u00fcr unsere Klient*innen sind alle Angebote kostenlos.<\/p><p align=\"justify\">\u00a0<\/p><p align=\"justify\">\u00a0<\/p><h5 style=\"text-align: left;\">Unsere Ziele<\/h5><p style=\"text-align: left;\" align=\"justify\">Care Together setzt sich f\u00fcr eine bessere psychosoziale Versorgung von Menschen mit Fluchtgeschichte in und um Regensburg ein. Dazu geh\u00f6ren:<\/p><ul><li>der Ausbau und die Sicherstellung psychosozialer Unterst\u00fctzung<\/li><li>der Abbau von Barrieren beim Zugang zum Gesundheitssystem<\/li><li>die Sensibilisierung f\u00fcr die Versorgungssituation gefl\u00fcchteter Menschen<\/li><\/ul><p style=\"text-align: left;\" align=\"justify\">Ein besonderer Fokus liegt auf der Unterst\u00fctzung von Menschen, die durch Folter, Gewalt, Verfolgung oder Kriegserfahrungen psychisch stark belastet sind.<\/p><p align=\"justify\">\u00a0<\/p><p align=\"justify\">\u00a0<\/p><h5 style=\"text-align: left;\">Unsere Zielgruppe<\/h5><p style=\"text-align: left;\" align=\"justify\">Unser Angebot richtet sich an Menschen mit Fluchterfahrung, die unter psychischen Belastungen leiden, zum Beispiel:<\/p><ul style=\"text-align: left;\"><li><p align=\"justify\">Schlafst\u00f6rungen oder Albtr\u00e4ume<\/p><\/li><li><p align=\"justify\">Traurigkeit oder gedr\u00fcckte Stimmung<\/p><\/li><li><p align=\"justify\">belastende Erinnerungen<\/p><\/li><li><p align=\"justify\">Konzentrationsprobleme<\/p><\/li><li><p align=\"justify\">\u00c4ngste oder innere Unruhe<\/p><\/li><\/ul><p style=\"text-align: left;\" align=\"justify\">Aufgrund unserer F\u00f6rderung k\u00f6nnen wir leider keine Personen mit Duldung bei uns anbinden \u2013 wir vermitteln aber gerne weiter und unterst\u00fctzen das passende Angebot zu finden. Hierzu k\u00f6nnen Sie sich gerne per Mail unter <a href=\"mailto:caretogether@aaa-regensburg.de\">caretogether@aaa-regensburg.de<\/a> melden.<\/p><p style=\"text-align: left;\" align=\"justify\">\u00a0<\/p><p align=\"justify\">\u00a0<\/p>\t\t\t\t\t\t\t\t<\/div>\n\t\t\t\t<\/div>\n\t\t\t\t\t<\/details>\n\t\t\t\t\t\t<details id=\"e-n-accordion-item-2041\" class=\"e-n-accordion-item\" >\n\t\t\t\t<summary class=\"e-n-accordion-item-title\" data-accordion-index=\"2\" tabindex=\"-1\" aria-expanded=\"false\" aria-controls=\"e-n-accordion-item-2041\" >\n\t\t\t\t\t<span class='e-n-accordion-item-title-header'><div class=\"e-n-accordion-item-title-text\"> a.a.a. e.V. <\/div><\/span>\n\t\t\t\t\t\t\t<span class='e-n-accordion-item-title-icon'>\n\t\t\t<span class='e-opened' ><svg aria-hidden=\"true\" class=\"e-font-icon-svg e-fas-minus\" viewbox=\"0 0 448 512\" xmlns=\"http:\/\/www.w3.org\/2000\/svg\"><path d=\"M416 208H32c-17.67 0-32 14.33-32 32v32c0 17.67 14.33 32 32 32h384c17.67 0 32-14.33 32-32v-32c0-17.67-14.33-32-32-32z\"><\/path><\/svg><\/span>\n\t\t\t<span class='e-closed'><svg aria-hidden=\"true\" class=\"e-font-icon-svg e-fas-plus\" viewbox=\"0 0 448 512\" xmlns=\"http:\/\/www.w3.org\/2000\/svg\"><path d=\"M416 208H272V64c0-17.67-14.33-32-32-32h-32c-17.67 0-32 14.33-32 32v144H32c-17.67 0-32 14.33-32 32v32c0 17.67 14.33 32 32 32h144v144c0 17.67 14.33 32 32 32h32c17.67 0 32-14.33 32-32V304h144c17.67 0 32-14.33 32-32v-32c0-17.67-14.33-32-32-32z\"><\/path><\/svg><\/span>\n\t\t<\/span>\n\n\t\t\t\t\t\t<\/summary>\n\t\t\t\t<div role=\"region\" aria-labelledby=\"e-n-accordion-item-2041\" class=\"elementor-element elementor-element-c946c5d e-con-full e-flex e-con e-child\" data-id=\"c946c5d\" data-element_type=\"container\" data-e-type=\"container\">\n\t\t\t\t<div class=\"elementor-element elementor-element-87fac1b elementor-widget elementor-widget-text-editor\" data-id=\"87fac1b\" data-element_type=\"widget\" data-e-type=\"widget\" data-widget_type=\"text-editor.default\">\n\t\t\t\t\t\t\t\t\t<p style=\"text-align: left;\" align=\"justify\">Wir sind ein gemeinn\u00fctziger Verein. Seit 1971 bieten wir Initiativen f\u00fcr Menschen mit Ein- und Zuwanderungshintergrund an. Wir treten f\u00fcr ein gleichberechtigtes Miteinander von Menschen in Regensburg ein. F\u00fcr Gleichberechtigung einzutreten bedeutet, Diskriminierungen aller Art und besonders Rassismus zu bek\u00e4mpfen.<\/p><p align=\"justify\">\u00a0<\/p><p align=\"justify\">\u00a0<\/p><h5 style=\"text-align: left;\" align=\"justify\">Arbeitskreis f\u00fcr ausl\u00e4ndische Arbeitnehmer<\/h5><p style=\"text-align: left;\" align=\"justify\">Seit 1973 darf sich der \u201eArbeitskreis f\u00fcr ausl\u00e4ndische Arbeitnehmer\u201c als eingetragener Verein bezeichnen. Seitdem ist die Vereinsarbeit vom Engagement zahlreicher Ehrenamtlicher und Vereinsmitglieder gepr\u00e4gt. Unter den \u00fcber 50 Vereinsmitgliedern sind zum Bespiel Engagierte aus den ersten Tagen zu finden, junge aktive Studierende und auch Neumitglieder, die schon sehr viel Lebenserfahrung mitbringen. Seit der ersten Zusammenkunft des Arbeitskreises 1971 hat sich im Verein viel getan. Das Angebot des Vereins umfasst neben der klassischen Hausaufgaben- und Freizeitbetreuung auch Nachhilfe und Sprachf\u00f6rderangebote sowie psychosoziale und therapeutische Angebote. In den letzten 50 Jahren hat sich auch in der Migrationsgesellschaft vieles ver\u00e4ndert und doch hat es den Anschein, dass sich so manches politische und gesellschaftliche Artefakt nie ver\u00e4ndern l\u00e4sst; nicht so in unserem Verein: Im Juli 2014 hat die Mitgliederversammlung, nach einem einj\u00e4hrigen intensiven Diskussionsprozess, eine Namens\u00e4nderung beschlossen.<\/p><p align=\"justify\">\u00a0<\/p><p align=\"justify\">\u00a0<\/p><h5 style=\"text-align: left;\" align=\"justify\">Initiativen f\u00fcr Menschen mit Ein- und Zuwanderungshintergrund<\/h5><p style=\"text-align: left;\" align=\"justify\">Der a.a.a. bekommt einen Namenszusatz, sodass die historische Komponente gewahrt bleibt, n\u00e4mlich der Name, den sich die Leute ausdachten, die ehrenamtlich Hausaufgabenbetreuung und Nachhilfe f\u00fcr Kinder ausl\u00e4ndischer Arbeitnehmer_innen angeboten haben. Der Namenszusatz \u201eInitiativen f\u00fcr Menschen mit Ein- und Zuwanderungshintergrund\u201c spiegelt die Vielfalt dessen wider, was der Verein heute tats\u00e4chlich anbietet.<\/p><p align=\"justify\">\u00a0<\/p><p style=\"text-align: left;\" align=\"justify\"><a href=\"http:\/\/www.aaa-regensburg.de\">Hier gehts zur Vereinswebsite<\/a><\/p><div>\u00a0<\/div><div>\u00a0<\/div>\t\t\t\t\t\t\t\t<\/div>\n\t\t\t\t<\/div>\n\t\t\t\t\t<\/details>\n\t\t\t\t\t\t<details id=\"e-n-accordion-item-2042\" class=\"e-n-accordion-item\" >\n\t\t\t\t<summary class=\"e-n-accordion-item-title\" data-accordion-index=\"3\" tabindex=\"-1\" aria-expanded=\"false\" aria-controls=\"e-n-accordion-item-2042\" >\n\t\t\t\t\t<span class='e-n-accordion-item-title-header'><div class=\"e-n-accordion-item-title-text\"> SuPortA <\/div><\/span>\n\t\t\t\t\t\t\t<span class='e-n-accordion-item-title-icon'>\n\t\t\t<span class='e-opened' ><svg aria-hidden=\"true\" class=\"e-font-icon-svg e-fas-minus\" viewbox=\"0 0 448 512\" xmlns=\"http:\/\/www.w3.org\/2000\/svg\"><path d=\"M416 208H32c-17.67 0-32 14.33-32 32v32c0 17.67 14.33 32 32 32h384c17.67 0 32-14.33 32-32v-32c0-17.67-14.33-32-32-32z\"><\/path><\/svg><\/span>\n\t\t\t<span class='e-closed'><svg aria-hidden=\"true\" class=\"e-font-icon-svg e-fas-plus\" viewbox=\"0 0 448 512\" xmlns=\"http:\/\/www.w3.org\/2000\/svg\"><path d=\"M416 208H272V64c0-17.67-14.33-32-32-32h-32c-17.67 0-32 14.33-32 32v144H32c-17.67 0-32 14.33-32 32v32c0 17.67 14.33 32 32 32h144v144c0 17.67 14.33 32 32 32h32c17.67 0 32-14.33 32-32V304h144c17.67 0 32-14.33 32-32v-32c0-17.67-14.33-32-32-32z\"><\/path><\/svg><\/span>\n\t\t<\/span>\n\n\t\t\t\t\t\t<\/summary>\n\t\t\t\t<div role=\"region\" aria-labelledby=\"e-n-accordion-item-2042\" class=\"elementor-element elementor-element-e19ee55 e-con-full e-flex e-con e-child\" data-id=\"e19ee55\" data-element_type=\"container\" data-e-type=\"container\">\n\t\t\t\t<div class=\"elementor-element elementor-element-f9ef105 elementor-widget elementor-widget-text-editor\" data-id=\"f9ef105\" data-element_type=\"widget\" data-e-type=\"widget\" data-widget_type=\"text-editor.default\">\n\t\t\t\t\t\t\t\t\t<p style=\"text-align: left;\" align=\"justify\">In unserer Abteilung SuPortA hat der a.a.a. e.V. eine Anlaufstelle f\u00fcr gefl\u00fcchtete Menschen aufgebaut, die soziale und psychologische Unterst\u00fctzung ben\u00f6tigen. Der Name steht f\u00fcr \u201eSoziale und Psychologische Anlaufstelle\u201c \u2013 und tr\u00e4gt gleichzeitig mehrere Bedeutungen in sich:<\/p><ul style=\"text-align: left;\"><li><p><i>suporta<\/i> (Rum\u00e4nisch): \u201eaushalten\u201c<\/p><\/li><li><p><i>suporta<\/i> (Portugiesisch): \u201eunterst\u00fctzt\u201c<\/p><\/li><li><p><i>porta<\/i> (Latein, Pl. \u00fcbertragen): \u201eMittel, Wege\u201c<\/p><\/li><\/ul><p style=\"text-align: left;\" align=\"justify\">Aus unserer langj\u00e4hrigen Arbeit mit gefl\u00fcchteten Familien wissen wir: Psychologische Hilfe ist dringend n\u00f6tig, aber schwer zug\u00e4nglich. Die Sprachbarriere ist nur eine von vielen H\u00fcrden. Auch andere Einrichtungen \u2013 wie Asylberatungsstellen und Fachdienste \u2013 berichten von diesem Bedarf. Aus diesen Erfahrungen heraus hat die Psychosoziale Arbeitsgemeinschaft (PSAG) die Bedarfe geb\u00fcndelt und ein Konzept entwickelt. Mit einer Anschubfinanzierung der Sozialen Initiativen e.V. konnten wir 2021 die ersten Schritte gehen.<\/p><p style=\"text-align: left;\" align=\"justify\">\u00a0<\/p><p style=\"text-align: left;\" align=\"justify\">\u00a0<\/p><h5 style=\"text-align: left;\" align=\"justify\">Bisherige Projekte bei Suporta<\/h5><h6 style=\"text-align: left;\" align=\"justify\">Sprachcafe<\/h6><p style=\"text-align: left;\" align=\"justify\">Im Rahmen des Aufbaus unserer Abteilung SuPortA wurden im a.a.a. gezielt mehrere traumasensible Angebote entwickelt, durchgef\u00fchrt und nachhaltig etabliert. Dazu geh\u00f6rt das Sprachcaf\u00e9 in der Abteilung Weingasse, das einmal w\u00f6chentlich stattfindet und durch eine parallele Kinderbetreuung erg\u00e4nzt wird. Das Sprachcaf\u00e9 basiert auf einem eigens entwickelten traumasensiblen Konzept und wurde speziell f\u00fcr Menschen konzipiert, die aus unterschiedlichen Gr\u00fcnden nicht an herk\u00f6mmlichen Sprachkursen teilnehmen k\u00f6nnen. Es richtet sich an Deutschlernende mit und ohne erste Sprachkenntnisse und schafft einen gesch\u00fctzten, niedrigschwelligen Rahmen, in dem Lernen ohne Druck m\u00f6glich ist. Jede Einheit widmet sich einem alltagsrelevanten Thema. Dabei kommen kreative \u00dcbungen, vielf\u00e4ltige Methoden sowie unterschiedliche Materialien zum Einsatz, die gezielt zum Sprechen anregen und individuelle Ausdrucksm\u00f6glichkeiten f\u00f6rdern. Erg\u00e4nzt wird das Angebot durch praxisnahe Aktivit\u00e4ten wie kleine Ausfl\u00fcge in Regensburg, gemeinsames Einkaufen oder das Planen und Umsetzen kleiner Projekte. Diese st\u00e4rken nicht nur die Sprachkompetenz, sondern auch Selbstwirksamkeit, Orientierung im Alltag und soziale Teilhabe.<\/p><p style=\"text-align: left;\" align=\"justify\">\u00a0<\/p><p style=\"text-align: left;\" align=\"justify\">\u00a0<\/p><h6 style=\"text-align: left;\" align=\"justify\">SupPort!<\/h6><p style=\"text-align: left;\" align=\"justify\">Das Projekt SupPort fand zwischen August und Dezember 2024 statt. Es wurde konzipiert, um Kinder aus den Ankerzentren in Regensburg durch traumasensible Freizeitgestaltung zu unterst\u00fctzen. Dabei fanden verschiedene Ausfl\u00fcge wie beispielsweise zur Kinder- und Jugendfarm, zum Naturkundemuseum, zur Donau-Arena oder in die Boulderwelt statt. Durch das Angebot wurde den Kindern Spa\u00df am Spiel erm\u00f6glicht und ihnen die Chance gegeben, im Sinne der Selbstwirksamkeit eigene F\u00e4higkeiten und Fertigkeiten zu entwickeln. Es wurden neue Interessen geweckt sowie das Selbstvertrauen der Kinder gest\u00e4rkt, indem sie neue Orte und Spiele kennengelernt haben. Auch die Erfahrung von Selbstwirksamkeit und die F\u00f6rderung von Ressourcen standen im Vordergrund. Bei 30 Ausfl\u00fcgen in und um Regensburg wurden insgesamt 95 Kinder aus Syrien, Armenien, Iran, Irak, \u00c4thiopien, Ukraine und Tunesien erreicht. Das Projekt wurde von der Regierung Oberpfalz gef\u00f6rdert.<\/p><p style=\"text-align: left;\" align=\"justify\">\u00a0<\/p><p style=\"text-align: left;\" align=\"justify\">\u00a0<\/p><h6 style=\"text-align: left;\" align=\"justify\">Projekt Suport kids! \u2013 Traumasensibles Spiel- und Sprachf\u00f6rderungsangebot<\/h6><p style=\"text-align: left;\" align=\"justify\">Das Projekt Suport kids! wurde von August 2024- Juli 2025 in Kooperation mit der Pestalozzi Grundschule umgesetzt. Zwei Mal pro Woche fanden unterschiedliche Angebote im Kreativ- Bewegungs- Musikbereich sowie zu verschiedenen Themen wie beispielsweise Emotionen und Grenzen statt. Zudem stand das spielerische, au\u00dferschulische Deutsch lernen im Vordergrund. Auch bei diesem Projekt war es unser Ziel, innerhalb eines sicheren, traumasensiblen und ressourcenorientierten Rahmens den Kindern die M\u00f6glichkeit zu geben sich auszuprobieren, Selbstwirksamkeit zu erfahren, soziale Kontakte zu st\u00e4rken und Selbstvertrauen zu gewinnen. Zus\u00e4tzlich zu dem w\u00f6chentlichen Angebot wurden Ausfl\u00fcge ins Schwimmbad, zum JUZ Kontrast, zum Schlittschuhlaufen, in die Stadt etc. Veranstaltet. Das Projekt wurde von der Deutschen Postcode Lotterie und der Antenne Bayern hilft Stiftung gef\u00f6rdert.<\/p><div style=\"text-align: left;\">\u00a0<\/div><div style=\"text-align: left;\">\u00a0<\/div>\t\t\t\t\t\t\t\t<\/div>\n\t\t\t\t<\/div>\n\t\t\t\t\t<\/details>\n\t\t\t\t\t\t<details id=\"e-n-accordion-item-2043\" class=\"e-n-accordion-item\" >\n\t\t\t\t<summary class=\"e-n-accordion-item-title\" data-accordion-index=\"4\" tabindex=\"-1\" aria-expanded=\"false\" aria-controls=\"e-n-accordion-item-2043\" >\n\t\t\t\t\t<span class='e-n-accordion-item-title-header'><div class=\"e-n-accordion-item-title-text\"> F\u00f6rder*innen <\/div><\/span>\n\t\t\t\t\t\t\t<span class='e-n-accordion-item-title-icon'>\n\t\t\t<span class='e-opened' ><svg aria-hidden=\"true\" class=\"e-font-icon-svg e-fas-minus\" viewbox=\"0 0 448 512\" xmlns=\"http:\/\/www.w3.org\/2000\/svg\"><path d=\"M416 208H32c-17.67 0-32 14.33-32 32v32c0 17.67 14.33 32 32 32h384c17.67 0 32-14.33 32-32v-32c0-17.67-14.33-32-32-32z\"><\/path><\/svg><\/span>\n\t\t\t<span class='e-closed'><svg aria-hidden=\"true\" class=\"e-font-icon-svg e-fas-plus\" viewbox=\"0 0 448 512\" xmlns=\"http:\/\/www.w3.org\/2000\/svg\"><path d=\"M416 208H272V64c0-17.67-14.33-32-32-32h-32c-17.67 0-32 14.33-32 32v144H32c-17.67 0-32 14.33-32 32v32c0 17.67 14.33 32 32 32h144v144c0 17.67 14.33 32 32 32h32c17.67 0 32-14.33 32-32V304h144c17.67 0 32-14.33 32-32v-32c0-17.67-14.33-32-32-32z\"><\/path><\/svg><\/span>\n\t\t<\/span>\n\n\t\t\t\t\t\t<\/summary>\n\t\t\t\t<div role=\"region\" aria-labelledby=\"e-n-accordion-item-2043\" class=\"elementor-element elementor-element-942248e e-flex e-con-boxed e-con e-child\" data-id=\"942248e\" data-element_type=\"container\" data-e-type=\"container\">\n\t\t\t\t\t<div class=\"e-con-inner\">\n\t\t<div role=\"region\" aria-labelledby=\"e-n-accordion-item-2043\" class=\"elementor-element elementor-element-a914682 e-con-full e-flex e-con e-child\" data-id=\"a914682\" data-element_type=\"container\" data-e-type=\"container\">\n\t\t\t\t<div class=\"elementor-element elementor-element-de1395a elementor-widget elementor-widget-text-editor\" data-id=\"de1395a\" data-element_type=\"widget\" data-e-type=\"widget\" data-widget_type=\"text-editor.default\">\n\t\t\t\t\t\t\t\t\t<p>AMIF (EU) \u2013 Kofinanziert von der europ\u00e4ischen Union<\/p>\t\t\t\t\t\t\t\t<\/div>\n\t\t\t\t<\/div>\n\t\t<div role=\"region\" aria-labelledby=\"e-n-accordion-item-2043\" class=\"elementor-element elementor-element-d6721cf e-con-full e-flex e-con e-child\" data-id=\"d6721cf\" data-element_type=\"container\" data-e-type=\"container\">\n\t\t\t\t\t\t\t\n\t\t\t<img class=\"e-image-base\" \n\t\t\t\t\tdata-interaction-id=\"2bc10f9\" \n\t\t \n\t\t \n\t\t\t\t\t\t\t\t\tid=\"274\"\n\t\t\t\t\t\t\t\t\t\t\t\tsrc=\"https:\/\/suporta.de\/wp-content\/uploads\/2026\/04\/AMIF-EU.png\"\n\t\t\t\t\t\t\t\t\t\t\t\twidth=\"779\"\n\t\t\t\t\t\t\t\t\t\t\t\theight=\"578\"\n\t\t\t\t\t\t\t\t\t\t\t\tsrcset=\"https:\/\/suporta.de\/wp-content\/uploads\/2026\/04\/AMIF-EU.png 779w, https:\/\/suporta.de\/wp-content\/uploads\/2026\/04\/AMIF-EU-768x570.png 768w, https:\/\/suporta.de\/wp-content\/uploads\/2026\/04\/AMIF-EU-16x12.png 16w\"\n\t\t\t\t\t\t\t\t\t\t\t\talt=\"Logo AMIF EU\"\n\t\t\t\t\t\t\/>\n\t\t\t\t\t<\/div>\n\t\t<div role=\"region\" aria-labelledby=\"e-n-accordion-item-2043\" class=\"elementor-element elementor-element-5798dfa e-con-full e-flex e-con e-child\" data-id=\"5798dfa\" data-element_type=\"container\" data-e-type=\"container\">\n\t\t\t\t<div class=\"elementor-element elementor-element-f425584 elementor-widget elementor-widget-text-editor\" data-id=\"f425584\" data-element_type=\"widget\" data-e-type=\"widget\" data-widget_type=\"text-editor.default\">\n\t\t\t\t\t\t\t\t\t<p>Dieses Projekt wird aus Mitteln des Bayerischen Staatsministeriums des Innern, f\u00fcr Sport und Integration gef\u00f6rdert.<\/p>\t\t\t\t\t\t\t\t<\/div>\n\t\t\t\t<\/div>\n\t\t<div role=\"region\" aria-labelledby=\"e-n-accordion-item-2043\" class=\"elementor-element elementor-element-0109059 e-con-full e-flex e-con e-child\" data-id=\"0109059\" data-element_type=\"container\" data-e-type=\"container\">\n\t\t\t\t\t\t\t\n\t\t\t<img class=\"e-image-base\" \n\t\t\t\t\tdata-interaction-id=\"b1d9c83\" \n\t\t \n\t\t \n\t\t\t\t\t\t\t\t\tid=\"273\"\n\t\t\t\t\t\t\t\t\t\t\t\tsrc=\"https:\/\/suporta.de\/wp-content\/uploads\/2026\/04\/Innenministerium.png\"\n\t\t\t\t\t\t\t\t\t\t\t\twidth=\"675\"\n\t\t\t\t\t\t\t\t\t\t\t\theight=\"143\"\n\t\t\t\t\t\t\t\t\t\t\t\tsrcset=\"https:\/\/suporta.de\/wp-content\/uploads\/2026\/04\/Innenministerium.png 675w, https:\/\/suporta.de\/wp-content\/uploads\/2026\/04\/Innenministerium-18x4.png 18w\"\n\t\t\t\t\t\t\t\t\t\t\t\talt=\"Logo Bayerisches Innenministerium\"\n\t\t\t\t\t\t\/>\n\t\t\t\t\t<\/div>\n\t\t<div role=\"region\" aria-labelledby=\"e-n-accordion-item-2043\" class=\"elementor-element elementor-element-4cdefa7 e-con-full e-flex e-con e-child\" data-id=\"4cdefa7\" data-element_type=\"container\" data-e-type=\"container\">\n\t\t\t\t<div class=\"elementor-element elementor-element-3558a5c elementor-widget elementor-widget-text-editor\" data-id=\"3558a5c\" data-element_type=\"widget\" data-e-type=\"widget\" data-widget_type=\"text-editor.default\">\n\t\t\t\t\t\t\t\t\t<p>Sparkasse Regensburg<\/p>\t\t\t\t\t\t\t\t<\/div>\n\t\t\t\t<\/div>\n\t\t<div role=\"region\" aria-labelledby=\"e-n-accordion-item-2043\" class=\"elementor-element elementor-element-e0927e8 e-con-full e-flex e-con e-child\" data-id=\"e0927e8\" data-element_type=\"container\" data-e-type=\"container\">\n\t\t\t\t\t\t\t\n\t\t\t<img class=\"e-image-base\" \n\t\t\t\t\tdata-interaction-id=\"8e74702\" \n\t\t \n\t\t \n\t\t\t\t\t\t\t\t\tid=\"270\"\n\t\t\t\t\t\t\t\t\t\t\t\tsrc=\"https:\/\/suporta.de\/wp-content\/uploads\/2026\/04\/Sparkasse-Regensburg.png\"\n\t\t\t\t\t\t\t\t\t\t\t\twidth=\"1288\"\n\t\t\t\t\t\t\t\t\t\t\t\theight=\"570\"\n\t\t\t\t\t\t\t\t\t\t\t\tsrcset=\"https:\/\/suporta.de\/wp-content\/uploads\/2026\/04\/Sparkasse-Regensburg.png 1288w, https:\/\/suporta.de\/wp-content\/uploads\/2026\/04\/Sparkasse-Regensburg-800x354.png 800w, https:\/\/suporta.de\/wp-content\/uploads\/2026\/04\/Sparkasse-Regensburg-768x340.png 768w, https:\/\/suporta.de\/wp-content\/uploads\/2026\/04\/Sparkasse-Regensburg-18x8.png 18w\"\n\t\t\t\t\t\t\t\t\t\t\t\talt=\"Logo Sparkasse Regensburg\"\n\t\t\t\t\t\t\/>\n\t\t\t\t\t<\/div>\n\t\t<div role=\"region\" aria-labelledby=\"e-n-accordion-item-2043\" class=\"elementor-element elementor-element-69c563f e-con-full e-flex e-con e-child\" data-id=\"69c563f\" data-element_type=\"container\" data-e-type=\"container\">\n\t\t\t\t<div class=\"elementor-element elementor-element-5803940 elementor-widget elementor-widget-text-editor\" data-id=\"5803940\" data-element_type=\"widget\" data-e-type=\"widget\" data-widget_type=\"text-editor.default\">\n\t\t\t\t\t\t\t\t\t<p>Won-Buddhistischer Tempel<\/p>\t\t\t\t\t\t\t\t<\/div>\n\t\t\t\t<\/div>\n\t\t<div role=\"region\" aria-labelledby=\"e-n-accordion-item-2043\" class=\"elementor-element elementor-element-015d827 e-con-full e-flex e-con e-child\" data-id=\"015d827\" data-element_type=\"container\" data-e-type=\"container\">\n\t\t\t\t\t\t\t\n\t\t\t<img class=\"e-image-base\" \n\t\t\t\t\tdata-interaction-id=\"39be9b9\" \n\t\t \n\t\t \n\t\t\t\t\t\t\t\t\tid=\"271\"\n\t\t\t\t\t\t\t\t\t\t\t\tsrc=\"https:\/\/suporta.de\/wp-content\/uploads\/2026\/04\/Won-Bud-Tempel.png\"\n\t\t\t\t\t\t\t\t\t\t\t\twidth=\"994\"\n\t\t\t\t\t\t\t\t\t\t\t\theight=\"275\"\n\t\t\t\t\t\t\t\t\t\t\t\tsrcset=\"https:\/\/suporta.de\/wp-content\/uploads\/2026\/04\/Won-Bud-Tempel.png 994w, https:\/\/suporta.de\/wp-content\/uploads\/2026\/04\/Won-Bud-Tempel-800x221.png 800w, https:\/\/suporta.de\/wp-content\/uploads\/2026\/04\/Won-Bud-Tempel-768x212.png 768w, https:\/\/suporta.de\/wp-content\/uploads\/2026\/04\/Won-Bud-Tempel-18x5.png 18w\"\n\t\t\t\t\t\t\t\t\t\t\t\talt=\"Logo Won-Buddhistischer Tempel Regensburg e.V.\"\n\t\t\t\t\t\t\/>\n\t\t\t\t\t<\/div>\n\t\t<div role=\"region\" aria-labelledby=\"e-n-accordion-item-2043\" class=\"elementor-element elementor-element-de4cd29 e-con-full e-flex e-con e-child\" data-id=\"de4cd29\" data-element_type=\"container\" data-e-type=\"container\">\n\t\t\t\t<div class=\"elementor-element elementor-element-f8a9414 elementor-widget elementor-widget-text-editor\" data-id=\"f8a9414\" data-element_type=\"widget\" data-e-type=\"widget\" data-widget_type=\"text-editor.default\">\n\t\t\t\t\t\t\t\t\t<p>Lions Club<\/p>\t\t\t\t\t\t\t\t<\/div>\n\t\t\t\t<\/div>\n\t\t<div role=\"region\" aria-labelledby=\"e-n-accordion-item-2043\" class=\"elementor-element elementor-element-3e01018 e-con-full e-flex e-con e-child\" data-id=\"3e01018\" data-element_type=\"container\" data-e-type=\"container\">\n\t\t\t\t\t\t\t\n\t\t\t<img class=\"e-image-base e-a747221-222b5cd\" \n\t\t\t\t\tdata-interaction-id=\"a747221\" \n\t\t \n\t\t \n\t\t\t\t\t\t\t\t\tid=\"272\"\n\t\t\t\t\t\t\t\t\t\t\t\tsrc=\"https:\/\/suporta.de\/wp-content\/uploads\/2026\/04\/Lions-Club-Castra-Regina-e1777385985436.png\"\n\t\t\t\t\t\t\t\t\t\t\t\twidth=\"200\"\n\t\t\t\t\t\t\t\t\t\t\t\theight=\"112\"\n\t\t\t\t\t\t\t\t\t\t\t\tsrcset=\"https:\/\/suporta.de\/wp-content\/uploads\/2026\/04\/Lions-Club-Castra-Regina-e1777385985436.png 200w, https:\/\/suporta.de\/wp-content\/uploads\/2026\/04\/Lions-Club-Castra-Regina-e1777385985436-18x10.png 18w\"\n\t\t\t\t\t\t\t\t\t\t\t\talt=\"Logos Lions Club und Castra Regina\"\n\t\t\t\t\t\t\/>\n\t\t\t\t\t<\/div>\n\t\t\t\t\t<\/div>\n\t\t\t\t<\/div>\n\t\t\t\t\t<\/details>\n\t\t\t\t\t<\/div>\n\t\t\t\t\t\t<\/div>\n\t\t\t\t\t<\/div>\n\t\t\t\t<\/div>\n\t\t\t\t<\/div>","protected":false},"excerpt":{"rendered":"<p>Wer wir sind Hier erfahren Sie mehr \u00fcber den a.a.a. e.V., SuPortA, Care Together und unsere F\u00f6rder*innen. Care Together Care [&hellip;]<\/p>\n","protected":false},"author":1,"featured_media":0,"parent":0,"menu_order":0,"comment_status":"closed","ping_status":"closed","template":"","meta":{"site-sidebar-layout":"no-sidebar","site-content-layout":"","ast-site-content-layout":"full-width-container","site-content-style":"default","site-sidebar-style":"default","ast-global-header-display":"","ast-banner-title-visibility":"","ast-main-header-display":"","ast-hfb-above-header-display":"","ast-hfb-below-header-display":"","ast-hfb-mobile-header-display":"","site-post-title":"disabled","ast-breadcrumbs-content":"","ast-featured-img":"disabled","footer-sml-layout":"","ast-disable-related-posts":"","theme-transparent-header-meta":"","adv-header-id-meta":"","stick-header-meta":"","header-above-stick-meta":"","header-main-stick-meta":"","header-below-stick-meta":"","astra-migrate-meta-layouts":"default","ast-page-background-enabled":"default","ast-page-background-meta":{"desktop":{"background-color":"var(--ast-global-color-5)","background-image":"","background-repeat":"repeat","background-position":"center center","background-size":"auto","background-attachment":"scroll","background-type":"","background-media":"","overlay-type":"","overlay-color":"","overlay-opacity":"","overlay-gradient":""},"tablet":{"background-color":"","background-image":"","background-repeat":"repeat","background-position":"center center","background-size":"auto","background-attachment":"scroll","background-type":"","background-media":"","overlay-type":"","overlay-color":"","overlay-opacity":"","overlay-gradient":""},"mobile":{"background-color":"","background-image":"","background-repeat":"repeat","background-position":"center center","background-size":"auto","background-attachment":"scroll","background-type":"","background-media":"","overlay-type":"","overlay-color":"","overlay-opacity":"","overlay-gradient":""}},"ast-content-background-meta":{"desktop":{"background-color":"var(--ast-global-color-4)","background-image":"","background-repeat":"repeat","background-position":"center center","background-size":"auto","background-attachment":"scroll","background-type":"","background-media":"","overlay-type":"","overlay-color":"","overlay-opacity":"","overlay-gradient":""},"tablet":{"background-color":"var(--ast-global-color-4)","background-image":"","background-repeat":"repeat","background-position":"center center","background-size":"auto","background-attachment":"scroll","background-type":"","background-media":"","overlay-type":"","overlay-color":"","overlay-opacity":"","overlay-gradient":""},"mobile":{"background-color":"var(--ast-global-color-4)","background-image":"","background-repeat":"repeat","background-position":"center center","background-size":"auto","background-attachment":"scroll","background-type":"","background-media":"","overlay-type":"","overlay-color":"","overlay-opacity":"","overlay-gradient":""}},"footnotes":""},"class_list":["post-61","page","type-page","status-publish","hentry"],"yoast_head":"<!-- This site is optimized with the Yoast SEO plugin v27.5 - https:\/\/yoast.com\/product\/yoast-seo-wordpress\/ -->\n<title>Wer wir sind &#8211; SuPortA \u2013 Care Together<\/title>\n<meta name=\"robots\" content=\"index, follow, max-snippet:-1, max-image-preview:large, max-video-preview:-1\" \/>\n<link rel=\"canonical\" href=\"https:\/\/suporta.de\/ar\/wer-wir-sind\/\" \/>\n<meta property=\"og:locale\" content=\"ar_AR\" \/>\n<meta property=\"og:type\" content=\"article\" \/>\n<meta property=\"og:title\" content=\"Wer wir sind &#8211; SuPortA \u2013 Care Together\" \/>\n<meta property=\"og:description\" content=\"Wer wir sind Hier erfahren Sie mehr \u00fcber den a.a.a. e.V., SuPortA, Care Together und unsere F\u00f6rder*innen. Care Together Care [&hellip;]\" \/>\n<meta property=\"og:url\" content=\"https:\/\/suporta.de\/ar\/wer-wir-sind\/\" \/>\n<meta property=\"og:site_name\" content=\"SuPortA \u2013 Care Together\" \/>\n<meta property=\"article:modified_time\" content=\"2026-04-28T14:19:53+00:00\" \/>\n<meta property=\"og:image\" content=\"https:\/\/suporta.de\/wp-content\/uploads\/2026\/04\/AMIF-EU.png\" \/>\n<meta name=\"twitter:card\" content=\"summary_large_image\" \/>\n<meta name=\"twitter:label1\" content=\"\u0648\u0642\u062a \u0627\u0644\u0642\u0631\u0627\u0621\u0629 \u0627\u0644\u0645\u064f\u0642\u062f\u0651\u0631\" \/>\n\t<meta name=\"twitter:data1\" content=\"13 \u062f\u0642\u064a\u0642\u0629\" \/>\n<script type=\"application\/ld+json\" class=\"yoast-schema-graph\">{\"@context\":\"https:\\\/\\\/schema.org\",\"@graph\":[{\"@type\":\"WebPage\",\"@id\":\"https:\\\/\\\/suporta.de\\\/wer-wir-sind\\\/\",\"url\":\"https:\\\/\\\/suporta.de\\\/wer-wir-sind\\\/\",\"name\":\"Wer wir sind &#8211; SuPortA \u2013 Care Together\",\"isPartOf\":{\"@id\":\"https:\\\/\\\/suporta.de\\\/#website\"},\"primaryImageOfPage\":{\"@id\":\"https:\\\/\\\/suporta.de\\\/wer-wir-sind\\\/#primaryimage\"},\"image\":{\"@id\":\"https:\\\/\\\/suporta.de\\\/wer-wir-sind\\\/#primaryimage\"},\"thumbnailUrl\":\"https:\\\/\\\/suporta.de\\\/wp-content\\\/uploads\\\/2026\\\/04\\\/AMIF-EU.png\",\"datePublished\":\"2026-04-04T08:52:38+00:00\",\"dateModified\":\"2026-04-28T14:19:53+00:00\",\"breadcrumb\":{\"@id\":\"https:\\\/\\\/suporta.de\\\/wer-wir-sind\\\/#breadcrumb\"},\"inLanguage\":\"ar\",\"potentialAction\":[{\"@type\":\"ReadAction\",\"target\":[\"https:\\\/\\\/suporta.de\\\/wer-wir-sind\\\/\"]}]},{\"@type\":\"ImageObject\",\"inLanguage\":\"ar\",\"@id\":\"https:\\\/\\\/suporta.de\\\/wer-wir-sind\\\/#primaryimage\",\"url\":\"https:\\\/\\\/suporta.de\\\/wp-content\\\/uploads\\\/2026\\\/04\\\/AMIF-EU.png\",\"contentUrl\":\"https:\\\/\\\/suporta.de\\\/wp-content\\\/uploads\\\/2026\\\/04\\\/AMIF-EU.png\"},{\"@type\":\"BreadcrumbList\",\"@id\":\"https:\\\/\\\/suporta.de\\\/wer-wir-sind\\\/#breadcrumb\",\"itemListElement\":[{\"@type\":\"ListItem\",\"position\":1,\"name\":\"Start\",\"item\":\"https:\\\/\\\/suporta.de\\\/\"},{\"@type\":\"ListItem\",\"position\":2,\"name\":\"Wer wir sind\"}]},{\"@type\":\"WebSite\",\"@id\":\"https:\\\/\\\/suporta.de\\\/#website\",\"url\":\"https:\\\/\\\/suporta.de\\\/\",\"name\":\"suporta\",\"description\":\"Psychosoziale Anlaufstelle f\u00fcr Gefl\u00fcchtete | a.a.a. e.V.\",\"publisher\":{\"@id\":\"https:\\\/\\\/suporta.de\\\/#organization\"},\"potentialAction\":[{\"@type\":\"SearchAction\",\"target\":{\"@type\":\"EntryPoint\",\"urlTemplate\":\"https:\\\/\\\/suporta.de\\\/?s={search_term_string}\"},\"query-input\":{\"@type\":\"PropertyValueSpecification\",\"valueRequired\":true,\"valueName\":\"search_term_string\"}}],\"inLanguage\":\"ar\"},{\"@type\":\"Organization\",\"@id\":\"https:\\\/\\\/suporta.de\\\/#organization\",\"name\":\"Suporta \u2013 Care Together \\\/ a.a.a. e.V. Regensburg\",\"url\":\"https:\\\/\\\/suporta.de\\\/\",\"logo\":{\"@type\":\"ImageObject\",\"inLanguage\":\"ar\",\"@id\":\"https:\\\/\\\/suporta.de\\\/#\\\/schema\\\/logo\\\/image\\\/\",\"url\":\"https:\\\/\\\/suporta.de\\\/wp-content\\\/uploads\\\/2026\\\/04\\\/aaa_logos_2026_1-1_1.png\",\"contentUrl\":\"https:\\\/\\\/suporta.de\\\/wp-content\\\/uploads\\\/2026\\\/04\\\/aaa_logos_2026_1-1_1.png\",\"width\":800,\"height\":275,\"caption\":\"Suporta \u2013 Care Together \\\/ a.a.a. e.V. Regensburg\"},\"image\":{\"@id\":\"https:\\\/\\\/suporta.de\\\/#\\\/schema\\\/logo\\\/image\\\/\"},\"sameAs\":[\"https:\\\/\\\/www.instagram.com\\\/aaa_regensburg\\\/\"]}]}<\/script>\n<!-- \/ Yoast SEO plugin. -->","yoast_head_json":{"title":"Wer wir sind &#8211; SuPortA \u2013 Care Together","robots":{"index":"index","follow":"follow","max-snippet":"max-snippet:-1","max-image-preview":"max-image-preview:large","max-video-preview":"max-video-preview:-1"},"canonical":"https:\/\/suporta.de\/ar\/wer-wir-sind\/","og_locale":"ar_AR","og_type":"article","og_title":"Wer wir sind &#8211; SuPortA \u2013 Care Together","og_description":"Wer wir sind Hier erfahren Sie mehr \u00fcber den a.a.a. e.V., SuPortA, Care Together und unsere F\u00f6rder*innen. Care Together Care [&hellip;]","og_url":"https:\/\/suporta.de\/ar\/wer-wir-sind\/","og_site_name":"SuPortA \u2013 Care Together","article_modified_time":"2026-04-28T14:19:53+00:00","og_image":[{"url":"https:\/\/suporta.de\/wp-content\/uploads\/2026\/04\/AMIF-EU.png","type":"","width":"","height":""}],"twitter_card":"summary_large_image","twitter_misc":{"\u0648\u0642\u062a \u0627\u0644\u0642\u0631\u0627\u0621\u0629 \u0627\u0644\u0645\u064f\u0642\u062f\u0651\u0631":"13 \u062f\u0642\u064a\u0642\u0629"},"schema":{"@context":"https:\/\/schema.org","@graph":[{"@type":"WebPage","@id":"https:\/\/suporta.de\/wer-wir-sind\/","url":"https:\/\/suporta.de\/wer-wir-sind\/","name":"Wer wir sind &#8211; SuPortA \u2013 Care Together","isPartOf":{"@id":"https:\/\/suporta.de\/#website"},"primaryImageOfPage":{"@id":"https:\/\/suporta.de\/wer-wir-sind\/#primaryimage"},"image":{"@id":"https:\/\/suporta.de\/wer-wir-sind\/#primaryimage"},"thumbnailUrl":"https:\/\/suporta.de\/wp-content\/uploads\/2026\/04\/AMIF-EU.png","datePublished":"2026-04-04T08:52:38+00:00","dateModified":"2026-04-28T14:19:53+00:00","breadcrumb":{"@id":"https:\/\/suporta.de\/wer-wir-sind\/#breadcrumb"},"inLanguage":"ar","potentialAction":[{"@type":"ReadAction","target":["https:\/\/suporta.de\/wer-wir-sind\/"]}]},{"@type":"ImageObject","inLanguage":"ar","@id":"https:\/\/suporta.de\/wer-wir-sind\/#primaryimage","url":"https:\/\/suporta.de\/wp-content\/uploads\/2026\/04\/AMIF-EU.png","contentUrl":"https:\/\/suporta.de\/wp-content\/uploads\/2026\/04\/AMIF-EU.png"},{"@type":"BreadcrumbList","@id":"https:\/\/suporta.de\/wer-wir-sind\/#breadcrumb","itemListElement":[{"@type":"ListItem","position":1,"name":"Start","item":"https:\/\/suporta.de\/"},{"@type":"ListItem","position":2,"name":"Wer wir sind"}]},{"@type":"WebSite","@id":"https:\/\/suporta.de\/#website","url":"https:\/\/suporta.de\/","name":"suporta","description":"Psychosoziale Anlaufstelle f\u00fcr Gefl\u00fcchtete | a.a.a. e.V.","publisher":{"@id":"https:\/\/suporta.de\/#organization"},"potentialAction":[{"@type":"SearchAction","target":{"@type":"EntryPoint","urlTemplate":"https:\/\/suporta.de\/?s={search_term_string}"},"query-input":{"@type":"PropertyValueSpecification","valueRequired":true,"valueName":"search_term_string"}}],"inLanguage":"ar"},{"@type":"Organization","@id":"https:\/\/suporta.de\/#organization","name":"Suporta \u2013 Care Together \/ a.a.a. e.V. Regensburg","url":"https:\/\/suporta.de\/","logo":{"@type":"ImageObject","inLanguage":"ar","@id":"https:\/\/suporta.de\/#\/schema\/logo\/image\/","url":"https:\/\/suporta.de\/wp-content\/uploads\/2026\/04\/aaa_logos_2026_1-1_1.png","contentUrl":"https:\/\/suporta.de\/wp-content\/uploads\/2026\/04\/aaa_logos_2026_1-1_1.png","width":800,"height":275,"caption":"Suporta \u2013 Care Together \/ a.a.a. e.V. Regensburg"},"image":{"@id":"https:\/\/suporta.de\/#\/schema\/logo\/image\/"},"sameAs":["https:\/\/www.instagram.com\/aaa_regensburg\/"]}]}},"_links":{"self":[{"href":"https:\/\/suporta.de\/ar\/wp-json\/wp\/v2\/pages\/61","targetHints":{"allow":["GET"]}}],"collection":[{"href":"https:\/\/suporta.de\/ar\/wp-json\/wp\/v2\/pages"}],"about":[{"href":"https:\/\/suporta.de\/ar\/wp-json\/wp\/v2\/types\/page"}],"author":[{"embeddable":true,"href":"https:\/\/suporta.de\/ar\/wp-json\/wp\/v2\/users\/1"}],"replies":[{"embeddable":true,"href":"https:\/\/suporta.de\/ar\/wp-json\/wp\/v2\/comments?post=61"}],"version-history":[{"count":154,"href":"https:\/\/suporta.de\/ar\/wp-json\/wp\/v2\/pages\/61\/revisions"}],"predecessor-version":[{"id":742,"href":"https:\/\/suporta.de\/ar\/wp-json\/wp\/v2\/pages\/61\/revisions\/742"}],"wp:attachment":[{"href":"https:\/\/suporta.de\/ar\/wp-json\/wp\/v2\/media?parent=61"}],"curies":[{"name":"wp","href":"https:\/\/api.w.org\/{rel}","templated":true}]}}