{"id":66,"date":"2026-04-04T10:52:34","date_gmt":"2026-04-04T08:52:34","guid":{"rendered":"https:\/\/suporta.de\/?page_id=66"},"modified":"2026-04-28T23:33:36","modified_gmt":"2026-04-28T21:33:36","slug":"unsere-angebote","status":"publish","type":"page","link":"https:\/\/suporta.de\/ar\/unsere-angebote\/","title":{"rendered":"Unsere Angebote"},"content":{"rendered":"<div data-elementor-type=\"wp-page\" data-elementor-id=\"66\" class=\"elementor elementor-66\">\n\t\t\t\t<div class=\"elementor-element elementor-element-2ab8afa e-flex e-con-boxed e-con e-parent\" data-id=\"2ab8afa\" data-element_type=\"container\" data-e-type=\"container\">\n\t\t\t\t\t<div class=\"e-con-inner\">\n\t\t\t\t<div class=\"elementor-element elementor-element-8ea93bd elementor-widget elementor-widget-heading\" data-id=\"8ea93bd\" data-element_type=\"widget\" data-e-type=\"widget\" data-widget_type=\"heading.default\">\n\t\t\t\t\t<h2 class=\"elementor-heading-title elementor-size-default\">Unsere Angebote<\/h2>\t\t\t\t<\/div>\n\t\t\t\t<div class=\"elementor-element elementor-element-0db18e7 elementor-widget elementor-widget-text-editor\" data-id=\"0db18e7\" data-element_type=\"widget\" data-e-type=\"widget\" data-widget_type=\"text-editor.default\">\n\t\t\t\t\t\t\t\t\t<p style=\"text-align: center;\"><em>Sie suchen Unterst\u00fctzung? Hier finden Sie Informationen zu unseren Angeboten.<\/em><\/p>\t\t\t\t\t\t\t\t<\/div>\n\t\t\t\t\t\n<hr class=\"e-4a45ba1-8f3341f e-divider-base\" data-interaction-id=\"4a45ba1\"   \/>\n\t\t\t\t\t<\/div>\n\t\t\t\t<\/div>\n\t\t<div class=\"elementor-element elementor-element-2729609 e-flex e-con-boxed e-con e-parent\" data-id=\"2729609\" data-element_type=\"container\" data-e-type=\"container\">\n\t\t\t\t\t<div class=\"e-con-inner\">\n\t\t<div class=\"elementor-element elementor-element-0de6cf4 e-con-full e-flex e-con e-child\" data-id=\"0de6cf4\" data-element_type=\"container\" data-e-type=\"container\">\n\t\t\t\t<div class=\"elementor-element elementor-element-3cdcba4 elementor-widget elementor-widget-text-editor\" data-id=\"3cdcba4\" data-element_type=\"widget\" data-e-type=\"widget\" data-widget_type=\"text-editor.default\">\n\t\t\t\t\t\t\t\t\t<h4 style=\"text-align: left;\"><strong><span lang=\"en-US\">Therapie <\/span><\/strong><\/h4><p style=\"text-align: left;\" align=\"justify\">Unsere Psychotherapeut*innen sind in kognitiver Verhaltenstherapie ausgebildet. Auf Grundlage diagnostischer Verfahren und eines individuell erarbeiteten St\u00f6rungsmodells werden gemeinsam mit den Klient*innen Therapieziele formuliert und ein Behandlungsplan erstellt und durchgef\u00fchrt. In der Therapie werden auch Elemente aus der systemischen, k\u00f6rperorientierten und Spieltherapie integriert. Bei Bedarf wird das Umfeld der Klient*innen in den therapeutischen Prozess einbezogen. Ziel hierbei ist, bestehende Ressourcen und Unterst\u00fctzungssysteme zu aktivieren, die Bew\u00e4ltigung von Problemen zu verbessern und den Therapieerfolg langfristig zu sichern.<\/p><p align=\"justify\">\u00a0<\/p><h4 style=\"text-align: left;\"><b>Psychosoziale Beratung <\/b><\/h4><p style=\"text-align: left;\" align=\"justify\">Mit unserem psychosozialen Angebot unterst\u00fctzen wir gefl\u00fcchtete Menschen dabei, mit belastenden Erfahrungen umzugehen und neue Stabilit\u00e4t im Alltag zu entwickeln. Unsere Beratung bietet einen gesch\u00fctzten Raum, in dem Sorgen, \u00c4ngste und pers\u00f6nliche Herausforderungen besprochen werden k\u00f6nnen. Dabei arbeiten wir eng mit den Therapeut*innen zusammen und orientieren uns an den Bedarfen der Klient*innen.<\/p><p style=\"text-align: left;\" align=\"justify\">Die Beratung unterst\u00fctzt dabei, Belastungen besser zu verstehen, neue Bew\u00e4ltigungsstrategien zu entwickeln und die eigenen Ressourcen zu st\u00e4rken. Ziel ist es, Stabilit\u00e4t im Alltag zu f\u00f6rdern und Perspektiven f\u00fcr die Zukunft zu entwickeln.<\/p><p style=\"text-align: left;\" align=\"justify\">Unsere Beratungen finden vorwiegend als Einzelgespr\u00e4che statt, sind kostenlos, vertraulich und unterst\u00fctzend. Bei Bedarf organisieren wir Sprachmittler*innen.<\/p><p align=\"justify\">\u00a0<\/p><h4 style=\"text-align: left;\"><b>Gruppenangebote <\/b><\/h4><p style=\"text-align: left;\" align=\"justify\">Wir bieten unterschiedliche und wechselnde Gruppenangebote an. Unser Fokus dabei liegt auf ressourcenorientiertem Arbeiten sowie Psychoedukation. Aktuell gibt es beispielsweise ein tanztherapeutisches Angebot f\u00fcr Frauen.<\/p><p align=\"justify\">\u00a0<\/p><p style=\"text-align: left;\" align=\"justify\"><strong>Unsere aktuellen Gruppenangebote finden Sie unter <a href=\"https:\/\/suporta.de\/ar\/aktuelles\/\">Aktuelles<\/a>.<\/strong><!-- notionvc: a650e96c-5c1c-4f97-b127-a44fd63cd284 --><\/p><p align=\"justify\">\u00a0<\/p>\t\t\t\t\t\t\t\t<\/div>\n\t\t\t\t<\/div>\n\t\t<div class=\"elementor-element elementor-element-806c61e e-con-full e-flex e-con e-child\" data-id=\"806c61e\" data-element_type=\"container\" data-e-type=\"container\" data-settings=\"{&quot;background_background&quot;:&quot;classic&quot;}\">\n\t\t\t\t<div class=\"elementor-element elementor-element-8843982 elementor-widget elementor-widget-text-editor\" data-id=\"8843982\" data-element_type=\"widget\" data-e-type=\"widget\" data-widget_type=\"text-editor.default\">\n\t\t\t\t\t\t\t\t\t<h4><b>Anmeldung<\/b><\/h4><p style=\"text-align: left;\">Anmelden k\u00f6nnen Sie sich jederzeit \u00fcber das nachfolgende Anmeldeformular:<\/p>\t\t\t\t\t\t\t\t<\/div>\n\t\t\t\t\t    \t            <a\n            href=\"https:\/\/suporta.de\/wp-content\/uploads\/2026\/04\/Anmeldebogen-Care-Together.pdf\" target=\"_blank\"\n            class=\"e-f29bb5e-e8dddda e-button-base\"\n            data-interaction-id=\"f29bb5e\"\n             \n        >\n            Anmelden\n        <\/a>\n    \t\t\t\t<div class=\"elementor-element elementor-element-9134f67 elementor-widget elementor-widget-text-editor\" data-id=\"9134f67\" data-element_type=\"widget\" data-e-type=\"widget\" data-widget_type=\"text-editor.default\">\n\t\t\t\t\t\t\t\t\t<p style=\"text-align: left;\" align=\"justify\"><strong><br \/>Bitte senden Sie die ausgef\u00fcllten Unterlagen per <a href=\"mailto:caretogether@aaa-regensburg.de\">Mail<\/a> oder Post an uns zur\u00fcck<\/strong> \u2013 wir melden uns im Anschluss mit einem Termin f\u00fcr das Erstgespr\u00e4ch.<\/p><p align=\"justify\"><strong>Mail:<br \/><\/strong><a href=\"mailto:caretogether@aaa-regensburg.de\">caretogether@aaa-regensburg.de<\/a><\/p><p align=\"justify\"><strong>Postadresse:<br \/><\/strong>Care Together \u2013 a.a.a. e.V.<br \/>Burgweintingerstr. 30<br \/>93055 Regensburg<\/p><p style=\"text-align: left;\" align=\"justify\">Leider haben wir nur begrenzte Kapazit\u00e4ten. Wir versuchen den Personen, die sich bei uns anmelden, so bald wie m\u00f6glich einen Ersttermin anzubieten. Dabei schauen wir gemeinsam, ob unser Angebot zu den Bedarfen der jeweiligen Person passt und wann ein Therapiestart m\u00f6glich w\u00e4re.<\/p><p style=\"text-align: left;\" align=\"justify\">Aufgrund unserer F\u00f6rderung k\u00f6nnen wir leider keine Personen mit Duldung bei uns anbinden \u2013 wir vermitteln aber gerne weiter und unterst\u00fctzen das passende Angebot zu finden. Hierzu k\u00f6nnen Sie sich gerne per <a href=\"mailto:caretogether@aaa-regensburg.de\">Mail<\/a> melden.<\/p>\t\t\t\t\t\t\t\t<\/div>\n\t\t\t\t<\/div>\n\t\t\t\t\t<\/div>\n\t\t\t\t<\/div>\n\t\t<div class=\"elementor-element elementor-element-985ba24 e-flex e-con-boxed e-con e-parent\" data-id=\"985ba24\" data-element_type=\"container\" data-e-type=\"container\">\n\t\t\t\t\t<div class=\"e-con-inner\">\n\t\t\t\t\t\n<hr class=\"e-b6d4c2c-27b0fee e-divider-base\" data-interaction-id=\"b6d4c2c\"   \/>\n\t\t\t\t<div class=\"elementor-element elementor-element-506daee elementor-widget elementor-widget-text-editor\" data-id=\"506daee\" data-element_type=\"widget\" data-e-type=\"widget\" data-widget_type=\"text-editor.default\">\n\t\t\t\t\t\t\t\t\t<h4>\u00a0<\/h4><h4>Unsere R\u00e4umlichkeiten<\/h4>\t\t\t\t\t\t\t\t<\/div>\n\t\t\t\t\t<\/div>\n\t\t\t\t<\/div>\n\t\t<div class=\"elementor-element elementor-element-2c3b96b e-flex e-con-boxed e-con e-parent\" data-id=\"2c3b96b\" data-element_type=\"container\" data-e-type=\"container\">\n\t\t\t\t\t<div class=\"e-con-inner\">\n\t\t\t\t<div class=\"elementor-element elementor-element-d3a903c elementor-arrows-position-inside elementor-pagination-position-outside elementor-widget elementor-widget-image-carousel\" data-id=\"d3a903c\" data-element_type=\"widget\" data-e-type=\"widget\" data-settings=\"{&quot;slides_to_show&quot;:&quot;1&quot;,&quot;speed&quot;:800,&quot;navigation&quot;:&quot;both&quot;,&quot;infinite&quot;:&quot;yes&quot;,&quot;effect&quot;:&quot;slide&quot;}\" data-widget_type=\"image-carousel.default\">\n\t\t\t\t\t\t\t<div class=\"elementor-image-carousel-wrapper swiper\" role=\"region\" aria-roledescription=\"carousel\" aria-label=\"Bild Karussell\" dir=\"ltr\">\n\t\t\t<div class=\"elementor-image-carousel swiper-wrapper\" aria-live=\"polite\">\n\t\t\t\t\t\t\t\t<div class=\"swiper-slide\" role=\"group\" aria-roledescription=\"slide\" aria-label=\"1 von 4\"><figure class=\"swiper-slide-inner\"><img decoding=\"async\" class=\"swiper-slide-image\" src=\"https:\/\/suporta.de\/wp-content\/uploads\/2026\/04\/SuPortA-CareTogether_Raeume_1-800x800.jpeg\" alt=\"Raum von Care Together mit drei Stoffsesseln, Schreibtisch, Flipchart und Blick aus dem Fenster.\" \/><\/figure><\/div><div class=\"swiper-slide\" role=\"group\" aria-roledescription=\"slide\" aria-label=\"2 von 4\"><figure class=\"swiper-slide-inner\"><img decoding=\"async\" class=\"swiper-slide-image\" src=\"https:\/\/suporta.de\/wp-content\/uploads\/2026\/04\/SuPortA-CareTogether_Raeume_2-800x800.jpg\" alt=\"Raum von Care Together mit einem Schreibtisch, Regal und einem runden Tisch mit vier St\u00fchlen.\" \/><\/figure><\/div><div class=\"swiper-slide\" role=\"group\" aria-roledescription=\"slide\" aria-label=\"3 von 4\"><figure class=\"swiper-slide-inner\"><img decoding=\"async\" class=\"swiper-slide-image\" src=\"https:\/\/suporta.de\/wp-content\/uploads\/2026\/04\/SuPortA-CareTogether_Raeume_4-600x800.jpg\" alt=\"Ecke im Raum von Care Together mit einem REgal mit Spielsachen und B\u00fcchern, Bildern an der Wand, einem Tisch mit zwei St\u00fchlen und einem Teppich.\" \/><\/figure><\/div><div class=\"swiper-slide\" role=\"group\" aria-roledescription=\"slide\" aria-label=\"4 von 4\"><figure class=\"swiper-slide-inner\"><img decoding=\"async\" class=\"swiper-slide-image\" src=\"https:\/\/suporta.de\/wp-content\/uploads\/2026\/04\/SuPortA-CareTogether_Raeume_3-600x800.jpg\" alt=\"Raum von Care Together mit drei Stoffsesseln und dem Blick aus dem Fenster.\" \/><\/figure><\/div>\t\t\t<\/div>\n\t\t\t\t\t\t\t\t\t\t\t\t<div class=\"elementor-swiper-button elementor-swiper-button-prev\" role=\"button\" tabindex=\"0\">\n\t\t\t\t\t\t<svg aria-hidden=\"true\" class=\"e-font-icon-svg e-eicon-chevron-left\" viewbox=\"0 0 1000 1000\" xmlns=\"http:\/\/www.w3.org\/2000\/svg\"><path d=\"M646 125C629 125 613 133 604 142L308 442C296 454 292 471 292 487 292 504 296 521 308 533L604 854C617 867 629 875 646 875 663 875 679 871 692 858 704 846 713 829 713 812 713 796 708 779 692 767L438 487 692 225C700 217 708 204 708 187 708 171 704 154 692 142 675 129 663 125 646 125Z\"><\/path><\/svg>\t\t\t\t\t<\/div>\n\t\t\t\t\t<div class=\"elementor-swiper-button elementor-swiper-button-next\" role=\"button\" tabindex=\"0\">\n\t\t\t\t\t\t<svg aria-hidden=\"true\" class=\"e-font-icon-svg e-eicon-chevron-right\" viewbox=\"0 0 1000 1000\" xmlns=\"http:\/\/www.w3.org\/2000\/svg\"><path d=\"M696 533C708 521 713 504 713 487 713 471 708 454 696 446L400 146C388 133 375 125 354 125 338 125 325 129 313 142 300 154 292 171 292 187 292 204 296 221 308 233L563 492 304 771C292 783 288 800 288 817 288 833 296 850 308 863 321 871 338 875 354 875 371 875 388 867 400 854L696 533Z\"><\/path><\/svg>\t\t\t\t\t<\/div>\n\t\t\t\t\n\t\t\t\t\t\t\t\t\t<div class=\"swiper-pagination\"><\/div>\n\t\t\t\t\t\t\t\t\t<\/div>\n\t\t\t\t\t\t<\/div>\n\t\t\t\t\t<\/div>\n\t\t\t\t<\/div>\n\t\t\t\t<\/div>","protected":false},"excerpt":{"rendered":"<p>Unsere Angebote Sie suchen Unterst\u00fctzung? Hier finden Sie Informationen zu unseren Angeboten. Therapie Unsere Psychotherapeut*innen sind in kognitiver Verhaltenstherapie ausgebildet. [&hellip;]<\/p>\n","protected":false},"author":1,"featured_media":0,"parent":0,"menu_order":0,"comment_status":"closed","ping_status":"closed","template":"","meta":{"site-sidebar-layout":"no-sidebar","site-content-layout":"","ast-site-content-layout":"full-width-container","site-content-style":"default","site-sidebar-style":"default","ast-global-header-display":"","ast-banner-title-visibility":"","ast-main-header-display":"","ast-hfb-above-header-display":"","ast-hfb-below-header-display":"","ast-hfb-mobile-header-display":"","site-post-title":"disabled","ast-breadcrumbs-content":"","ast-featured-img":"disabled","footer-sml-layout":"","ast-disable-related-posts":"","theme-transparent-header-meta":"","adv-header-id-meta":"","stick-header-meta":"","header-above-stick-meta":"","header-main-stick-meta":"","header-below-stick-meta":"","astra-migrate-meta-layouts":"default","ast-page-background-enabled":"default","ast-page-background-meta":{"desktop":{"background-color":"var(--ast-global-color-5)","background-image":"","background-repeat":"repeat","background-position":"center center","background-size":"auto","background-attachment":"scroll","background-type":"","background-media":"","overlay-type":"","overlay-color":"","overlay-opacity":"","overlay-gradient":""},"tablet":{"background-color":"","background-image":"","background-repeat":"repeat","background-position":"center center","background-size":"auto","background-attachment":"scroll","background-type":"","background-media":"","overlay-type":"","overlay-color":"","overlay-opacity":"","overlay-gradient":""},"mobile":{"background-color":"","background-image":"","background-repeat":"repeat","background-position":"center center","background-size":"auto","background-attachment":"scroll","background-type":"","background-media":"","overlay-type":"","overlay-color":"","overlay-opacity":"","overlay-gradient":""}},"ast-content-background-meta":{"desktop":{"background-color":"var(--ast-global-color-4)","background-image":"","background-repeat":"repeat","background-position":"center center","background-size":"auto","background-attachment":"scroll","background-type":"","background-media":"","overlay-type":"","overlay-color":"","overlay-opacity":"","overlay-gradient":""},"tablet":{"background-color":"var(--ast-global-color-4)","background-image":"","background-repeat":"repeat","background-position":"center center","background-size":"auto","background-attachment":"scroll","background-type":"","background-media":"","overlay-type":"","overlay-color":"","overlay-opacity":"","overlay-gradient":""},"mobile":{"background-color":"var(--ast-global-color-4)","background-image":"","background-repeat":"repeat","background-position":"center center","background-size":"auto","background-attachment":"scroll","background-type":"","background-media":"","overlay-type":"","overlay-color":"","overlay-opacity":"","overlay-gradient":""}},"footnotes":""},"class_list":["post-66","page","type-page","status-publish","hentry"],"yoast_head":"<!-- This site is optimized with the Yoast SEO plugin v27.5 - https:\/\/yoast.com\/product\/yoast-seo-wordpress\/ -->\n<title>Unsere Angebote &#8211; SuPortA \u2013 Care Together<\/title>\n<meta name=\"robots\" content=\"index, follow, max-snippet:-1, max-image-preview:large, max-video-preview:-1\" \/>\n<link rel=\"canonical\" href=\"https:\/\/suporta.de\/ar\/unsere-angebote\/\" \/>\n<meta property=\"og:locale\" content=\"ar_AR\" \/>\n<meta property=\"og:type\" content=\"article\" \/>\n<meta property=\"og:title\" content=\"Unsere Angebote &#8211; SuPortA \u2013 Care Together\" \/>\n<meta property=\"og:description\" content=\"Unsere Angebote Sie suchen Unterst\u00fctzung? Hier finden Sie Informationen zu unseren Angeboten. Therapie Unsere Psychotherapeut*innen sind in kognitiver Verhaltenstherapie ausgebildet. [&hellip;]\" \/>\n<meta property=\"og:url\" content=\"https:\/\/suporta.de\/ar\/unsere-angebote\/\" \/>\n<meta property=\"og:site_name\" content=\"SuPortA \u2013 Care Together\" \/>\n<meta property=\"article:modified_time\" content=\"2026-04-28T21:33:36+00:00\" \/>\n<meta property=\"og:image\" content=\"https:\/\/suporta.de\/wp-content\/uploads\/2026\/04\/SuPortA-CareTogether_Raeume_1-800x800.jpeg\" \/>\n<meta name=\"twitter:card\" content=\"summary_large_image\" \/>\n<meta name=\"twitter:label1\" content=\"\u0648\u0642\u062a \u0627\u0644\u0642\u0631\u0627\u0621\u0629 \u0627\u0644\u0645\u064f\u0642\u062f\u0651\u0631\" \/>\n\t<meta name=\"twitter:data1\" content=\"4 \u062f\u0642\u0627\u0626\u0642\" \/>\n<script type=\"application\/ld+json\" class=\"yoast-schema-graph\">{\"@context\":\"https:\\\/\\\/schema.org\",\"@graph\":[{\"@type\":\"WebPage\",\"@id\":\"https:\\\/\\\/suporta.de\\\/unsere-angebote\\\/\",\"url\":\"https:\\\/\\\/suporta.de\\\/unsere-angebote\\\/\",\"name\":\"Unsere Angebote &#8211; SuPortA \u2013 Care Together\",\"isPartOf\":{\"@id\":\"https:\\\/\\\/suporta.de\\\/#website\"},\"primaryImageOfPage\":{\"@id\":\"https:\\\/\\\/suporta.de\\\/unsere-angebote\\\/#primaryimage\"},\"image\":{\"@id\":\"https:\\\/\\\/suporta.de\\\/unsere-angebote\\\/#primaryimage\"},\"thumbnailUrl\":\"https:\\\/\\\/suporta.de\\\/wp-content\\\/uploads\\\/2026\\\/04\\\/SuPortA-CareTogether_Raeume_1-800x800.jpeg\",\"datePublished\":\"2026-04-04T08:52:34+00:00\",\"dateModified\":\"2026-04-28T21:33:36+00:00\",\"breadcrumb\":{\"@id\":\"https:\\\/\\\/suporta.de\\\/unsere-angebote\\\/#breadcrumb\"},\"inLanguage\":\"ar\",\"potentialAction\":[{\"@type\":\"ReadAction\",\"target\":[\"https:\\\/\\\/suporta.de\\\/unsere-angebote\\\/\"]}]},{\"@type\":\"ImageObject\",\"inLanguage\":\"ar\",\"@id\":\"https:\\\/\\\/suporta.de\\\/unsere-angebote\\\/#primaryimage\",\"url\":\"https:\\\/\\\/suporta.de\\\/wp-content\\\/uploads\\\/2026\\\/04\\\/SuPortA-CareTogether_Raeume_1-800x800.jpeg\",\"contentUrl\":\"https:\\\/\\\/suporta.de\\\/wp-content\\\/uploads\\\/2026\\\/04\\\/SuPortA-CareTogether_Raeume_1-800x800.jpeg\"},{\"@type\":\"BreadcrumbList\",\"@id\":\"https:\\\/\\\/suporta.de\\\/unsere-angebote\\\/#breadcrumb\",\"itemListElement\":[{\"@type\":\"ListItem\",\"position\":1,\"name\":\"Start\",\"item\":\"https:\\\/\\\/suporta.de\\\/\"},{\"@type\":\"ListItem\",\"position\":2,\"name\":\"Unsere Angebote\"}]},{\"@type\":\"WebSite\",\"@id\":\"https:\\\/\\\/suporta.de\\\/#website\",\"url\":\"https:\\\/\\\/suporta.de\\\/\",\"name\":\"suporta\",\"description\":\"Psychosoziale Anlaufstelle f\u00fcr Gefl\u00fcchtete | a.a.a. e.V.\",\"publisher\":{\"@id\":\"https:\\\/\\\/suporta.de\\\/#organization\"},\"potentialAction\":[{\"@type\":\"SearchAction\",\"target\":{\"@type\":\"EntryPoint\",\"urlTemplate\":\"https:\\\/\\\/suporta.de\\\/?s={search_term_string}\"},\"query-input\":{\"@type\":\"PropertyValueSpecification\",\"valueRequired\":true,\"valueName\":\"search_term_string\"}}],\"inLanguage\":\"ar\"},{\"@type\":\"Organization\",\"@id\":\"https:\\\/\\\/suporta.de\\\/#organization\",\"name\":\"Suporta \u2013 Care Together \\\/ a.a.a. e.V. Regensburg\",\"url\":\"https:\\\/\\\/suporta.de\\\/\",\"logo\":{\"@type\":\"ImageObject\",\"inLanguage\":\"ar\",\"@id\":\"https:\\\/\\\/suporta.de\\\/#\\\/schema\\\/logo\\\/image\\\/\",\"url\":\"https:\\\/\\\/suporta.de\\\/wp-content\\\/uploads\\\/2026\\\/04\\\/aaa_logos_2026_1-1_1.png\",\"contentUrl\":\"https:\\\/\\\/suporta.de\\\/wp-content\\\/uploads\\\/2026\\\/04\\\/aaa_logos_2026_1-1_1.png\",\"width\":800,\"height\":275,\"caption\":\"Suporta \u2013 Care Together \\\/ a.a.a. e.V. Regensburg\"},\"image\":{\"@id\":\"https:\\\/\\\/suporta.de\\\/#\\\/schema\\\/logo\\\/image\\\/\"},\"sameAs\":[\"https:\\\/\\\/www.instagram.com\\\/aaa_regensburg\\\/\"]}]}<\/script>\n<!-- \/ Yoast SEO plugin. -->","yoast_head_json":{"title":"Unsere Angebote &#8211; SuPortA \u2013 Care Together","robots":{"index":"index","follow":"follow","max-snippet":"max-snippet:-1","max-image-preview":"max-image-preview:large","max-video-preview":"max-video-preview:-1"},"canonical":"https:\/\/suporta.de\/ar\/unsere-angebote\/","og_locale":"ar_AR","og_type":"article","og_title":"Unsere Angebote &#8211; SuPortA \u2013 Care Together","og_description":"Unsere Angebote Sie suchen Unterst\u00fctzung? Hier finden Sie Informationen zu unseren Angeboten. Therapie Unsere Psychotherapeut*innen sind in kognitiver Verhaltenstherapie ausgebildet. [&hellip;]","og_url":"https:\/\/suporta.de\/ar\/unsere-angebote\/","og_site_name":"SuPortA \u2013 Care Together","article_modified_time":"2026-04-28T21:33:36+00:00","og_image":[{"url":"https:\/\/suporta.de\/wp-content\/uploads\/2026\/04\/SuPortA-CareTogether_Raeume_1-800x800.jpeg","type":"","width":"","height":""}],"twitter_card":"summary_large_image","twitter_misc":{"\u0648\u0642\u062a \u0627\u0644\u0642\u0631\u0627\u0621\u0629 \u0627\u0644\u0645\u064f\u0642\u062f\u0651\u0631":"4 \u062f\u0642\u0627\u0626\u0642"},"schema":{"@context":"https:\/\/schema.org","@graph":[{"@type":"WebPage","@id":"https:\/\/suporta.de\/unsere-angebote\/","url":"https:\/\/suporta.de\/unsere-angebote\/","name":"Unsere Angebote &#8211; SuPortA \u2013 Care Together","isPartOf":{"@id":"https:\/\/suporta.de\/#website"},"primaryImageOfPage":{"@id":"https:\/\/suporta.de\/unsere-angebote\/#primaryimage"},"image":{"@id":"https:\/\/suporta.de\/unsere-angebote\/#primaryimage"},"thumbnailUrl":"https:\/\/suporta.de\/wp-content\/uploads\/2026\/04\/SuPortA-CareTogether_Raeume_1-800x800.jpeg","datePublished":"2026-04-04T08:52:34+00:00","dateModified":"2026-04-28T21:33:36+00:00","breadcrumb":{"@id":"https:\/\/suporta.de\/unsere-angebote\/#breadcrumb"},"inLanguage":"ar","potentialAction":[{"@type":"ReadAction","target":["https:\/\/suporta.de\/unsere-angebote\/"]}]},{"@type":"ImageObject","inLanguage":"ar","@id":"https:\/\/suporta.de\/unsere-angebote\/#primaryimage","url":"https:\/\/suporta.de\/wp-content\/uploads\/2026\/04\/SuPortA-CareTogether_Raeume_1-800x800.jpeg","contentUrl":"https:\/\/suporta.de\/wp-content\/uploads\/2026\/04\/SuPortA-CareTogether_Raeume_1-800x800.jpeg"},{"@type":"BreadcrumbList","@id":"https:\/\/suporta.de\/unsere-angebote\/#breadcrumb","itemListElement":[{"@type":"ListItem","position":1,"name":"Start","item":"https:\/\/suporta.de\/"},{"@type":"ListItem","position":2,"name":"Unsere Angebote"}]},{"@type":"WebSite","@id":"https:\/\/suporta.de\/#website","url":"https:\/\/suporta.de\/","name":"suporta","description":"Psychosoziale Anlaufstelle f\u00fcr Gefl\u00fcchtete | a.a.a. e.V.","publisher":{"@id":"https:\/\/suporta.de\/#organization"},"potentialAction":[{"@type":"SearchAction","target":{"@type":"EntryPoint","urlTemplate":"https:\/\/suporta.de\/?s={search_term_string}"},"query-input":{"@type":"PropertyValueSpecification","valueRequired":true,"valueName":"search_term_string"}}],"inLanguage":"ar"},{"@type":"Organization","@id":"https:\/\/suporta.de\/#organization","name":"Suporta \u2013 Care Together \/ a.a.a. e.V. Regensburg","url":"https:\/\/suporta.de\/","logo":{"@type":"ImageObject","inLanguage":"ar","@id":"https:\/\/suporta.de\/#\/schema\/logo\/image\/","url":"https:\/\/suporta.de\/wp-content\/uploads\/2026\/04\/aaa_logos_2026_1-1_1.png","contentUrl":"https:\/\/suporta.de\/wp-content\/uploads\/2026\/04\/aaa_logos_2026_1-1_1.png","width":800,"height":275,"caption":"Suporta \u2013 Care Together \/ a.a.a. e.V. Regensburg"},"image":{"@id":"https:\/\/suporta.de\/#\/schema\/logo\/image\/"},"sameAs":["https:\/\/www.instagram.com\/aaa_regensburg\/"]}]}},"_links":{"self":[{"href":"https:\/\/suporta.de\/ar\/wp-json\/wp\/v2\/pages\/66","targetHints":{"allow":["GET"]}}],"collection":[{"href":"https:\/\/suporta.de\/ar\/wp-json\/wp\/v2\/pages"}],"about":[{"href":"https:\/\/suporta.de\/ar\/wp-json\/wp\/v2\/types\/page"}],"author":[{"embeddable":true,"href":"https:\/\/suporta.de\/ar\/wp-json\/wp\/v2\/users\/1"}],"replies":[{"embeddable":true,"href":"https:\/\/suporta.de\/ar\/wp-json\/wp\/v2\/comments?post=66"}],"version-history":[{"count":106,"href":"https:\/\/suporta.de\/ar\/wp-json\/wp\/v2\/pages\/66\/revisions"}],"predecessor-version":[{"id":785,"href":"https:\/\/suporta.de\/ar\/wp-json\/wp\/v2\/pages\/66\/revisions\/785"}],"wp:attachment":[{"href":"https:\/\/suporta.de\/ar\/wp-json\/wp\/v2\/media?parent=66"}],"curies":[{"name":"wp","href":"https:\/\/api.w.org\/{rel}","templated":true}]}}