{"id":71,"date":"2026-04-04T10:52:27","date_gmt":"2026-04-04T08:52:27","guid":{"rendered":"https:\/\/suporta.de\/?page_id=71"},"modified":"2026-04-28T23:15:57","modified_gmt":"2026-04-28T21:15:57","slug":"psychische-gesundheit-flucht","status":"publish","type":"page","link":"https:\/\/suporta.de\/ar\/psychische-gesundheit-flucht\/","title":{"rendered":"Psychische Gesundheit &#038; Flucht"},"content":{"rendered":"<div data-elementor-type=\"wp-page\" data-elementor-id=\"71\" class=\"elementor elementor-71\">\n\t\t\t\t<div class=\"elementor-element elementor-element-d322566 e-flex e-con-boxed e-con e-parent\" data-id=\"d322566\" data-element_type=\"container\" data-e-type=\"container\">\n\t\t\t\t\t<div class=\"e-con-inner\">\n\t\t\t\t<div class=\"elementor-element elementor-element-7542fb9 elementor-widget elementor-widget-heading\" data-id=\"7542fb9\" data-element_type=\"widget\" data-e-type=\"widget\" data-widget_type=\"heading.default\">\n\t\t\t\t\t<h2 class=\"elementor-heading-title elementor-size-default\">Psychische Gesundheit &amp; Flucht<\/h2>\t\t\t\t<\/div>\n\t\t\t\t\t<\/div>\n\t\t\t\t<\/div>\n\t\t<div class=\"elementor-element elementor-element-cf871fa e-flex e-con-boxed e-con e-parent\" data-id=\"cf871fa\" data-element_type=\"container\" data-e-type=\"container\">\n\t\t\t\t\t<div class=\"e-con-inner\">\n\t\t\t\t<div class=\"elementor-element elementor-element-ce21be1 elementor-widget elementor-widget-text-editor\" data-id=\"ce21be1\" data-element_type=\"widget\" data-e-type=\"widget\" data-widget_type=\"text-editor.default\">\n\t\t\t\t\t\t\t\t\t<p style=\"text-align: center;\"><em>Warum es uns braucht<\/em><\/p>\t\t\t\t\t\t\t\t<\/div>\n\t\t\t\t\t\n<hr class=\"e-48cef61-266a995 e-divider-base\" data-interaction-id=\"48cef61\"   \/>\n\t\t\t\t\t<\/div>\n\t\t\t\t<\/div>\n\t\t<div class=\"elementor-element elementor-element-3f48b81 e-flex e-con-boxed e-con e-parent\" data-id=\"3f48b81\" data-element_type=\"container\" data-e-type=\"container\">\n\t\t\t\t\t<div class=\"e-con-inner\">\n\t\t\t\t<div class=\"elementor-element elementor-element-e0ccf56 elementor-widget elementor-widget-n-accordion\" data-id=\"e0ccf56\" data-element_type=\"widget\" data-e-type=\"widget\" data-settings=\"{&quot;max_items_expended&quot;:&quot;multiple&quot;,&quot;default_state&quot;:&quot;expanded&quot;,&quot;n_accordion_animation_duration&quot;:{&quot;unit&quot;:&quot;ms&quot;,&quot;size&quot;:400,&quot;sizes&quot;:[]}}\" data-widget_type=\"nested-accordion.default\">\n\t\t\t\t\t\t\t<div class=\"e-n-accordion\" aria-label=\"Accordion. Open links with Enter or Space, close with Escape, and navigate with Arrow Keys\">\n\t\t\t\t\t\t<details id=\"e-n-accordion-item-2350\" class=\"e-n-accordion-item\" open>\n\t\t\t\t<summary class=\"e-n-accordion-item-title\" data-accordion-index=\"1\" tabindex=\"0\" aria-expanded=\"true\" aria-controls=\"e-n-accordion-item-2350\" >\n\t\t\t\t\t<span class='e-n-accordion-item-title-header'><div class=\"e-n-accordion-item-title-text\"> Versorgungslage <\/div><\/span>\n\t\t\t\t\t\t\t<span class='e-n-accordion-item-title-icon'>\n\t\t\t<span class='e-opened' ><svg aria-hidden=\"true\" class=\"e-font-icon-svg e-fas-minus\" viewbox=\"0 0 448 512\" xmlns=\"http:\/\/www.w3.org\/2000\/svg\"><path d=\"M416 208H32c-17.67 0-32 14.33-32 32v32c0 17.67 14.33 32 32 32h384c17.67 0 32-14.33 32-32v-32c0-17.67-14.33-32-32-32z\"><\/path><\/svg><\/span>\n\t\t\t<span class='e-closed'><svg aria-hidden=\"true\" class=\"e-font-icon-svg e-fas-plus\" viewbox=\"0 0 448 512\" xmlns=\"http:\/\/www.w3.org\/2000\/svg\"><path d=\"M416 208H272V64c0-17.67-14.33-32-32-32h-32c-17.67 0-32 14.33-32 32v144H32c-17.67 0-32 14.33-32 32v32c0 17.67 14.33 32 32 32h144v144c0 17.67 14.33 32 32 32h32c17.67 0 32-14.33 32-32V304h144c17.67 0 32-14.33 32-32v-32c0-17.67-14.33-32-32-32z\"><\/path><\/svg><\/span>\n\t\t<\/span>\n\n\t\t\t\t\t\t<\/summary>\n\t\t\t\t<div role=\"region\" aria-labelledby=\"e-n-accordion-item-2350\" class=\"elementor-element elementor-element-d12a6f6 e-con-full e-flex e-con e-child\" data-id=\"d12a6f6\" data-element_type=\"container\" data-e-type=\"container\">\n\t\t\t\t<div class=\"elementor-element elementor-element-28b58db elementor-widget elementor-widget-text-editor\" data-id=\"28b58db\" data-element_type=\"widget\" data-e-type=\"widget\" data-widget_type=\"text-editor.default\">\n\t\t\t\t\t\t\t\t\t<p style=\"text-align: left;\" align=\"justify\">Wird Psychotherapie f\u00fcr traumatisierte Gefl\u00fcchtete nicht vom Staat bezahlt?<\/p><p style=\"text-align: left;\" align=\"justify\">Die Realit\u00e4t ist komplex. Zun\u00e4chst gibt es ohnehin sehr wenige wenig Psychotherapeut*innen, die mit Sprachmittlungen oder auf Englisch therapieren. Dar\u00fcber hinaus sind Asylsuchende in den ersten 36 Monaten ihres Aufenthalts nicht krankenversichert und m\u00fcssen medizinische Behandlungen \u00fcber das Sozialamt nach dem Asylbewerberleistungsgesetz beantragen. Demnach erhalten sie grunds\u00e4tzlich nur bei akuten Krankheiten oder Schmerzen medizinische Hilfe. Bei Psychotherapie bedeutet das umfangreiche und schwer zu erstellende Antr\u00e4ge, monatelange Bearbeitungszeiten und ungewisse Genehmigungen \u2013 auch f\u00fcr Sprachmittlungen. Viele Betroffene bleiben in dieser Zeit ohne angemessene Hilfe.<\/p><p style=\"text-align: left;\" align=\"justify\">Auch wenn gefl\u00fcchtete Menschen Anspruch auf Leistungen der gesetzlichen Krankenversicherung haben, sto\u00dfen sie im deutschen Gesundheitssystem auf zahlreiche H\u00fcrden. Beispielsweise fehlen fl\u00e4chendeckende Angebote f\u00fcr Sprachmittlung, was den Zugang zu medizinischer Versorgung stark erschwert. Zudem stehen gefl\u00fcchtete Menschen beim Zugang zur regul\u00e4ren Gesundheitsversorgung vor vielf\u00e4ltigen Herausforderungen, etwa durch begrenzte regionale Angebote, Diskriminierung im Gesundheitswesen oder allgemein geschr\u00e4nkte Kapazit\u00e4ten in den Praxen. Diese L\u00fccke versuchen wir zu schlie\u00dfen.<\/p><p style=\"text-align: left;\" align=\"justify\">\u00a0<\/p>\t\t\t\t\t\t\t\t<\/div>\n\t\t\t\t<\/div>\n\t\t\t\t\t<\/details>\n\t\t\t\t\t\t<details id=\"e-n-accordion-item-2351\" class=\"e-n-accordion-item\" >\n\t\t\t\t<summary class=\"e-n-accordion-item-title\" data-accordion-index=\"2\" tabindex=\"-1\" aria-expanded=\"false\" aria-controls=\"e-n-accordion-item-2351\" >\n\t\t\t\t\t<span class='e-n-accordion-item-title-header'><div class=\"e-n-accordion-item-title-text\"> Psychotherapie <\/div><\/span>\n\t\t\t\t\t\t\t<span class='e-n-accordion-item-title-icon'>\n\t\t\t<span class='e-opened' ><svg aria-hidden=\"true\" class=\"e-font-icon-svg e-fas-minus\" viewbox=\"0 0 448 512\" xmlns=\"http:\/\/www.w3.org\/2000\/svg\"><path d=\"M416 208H32c-17.67 0-32 14.33-32 32v32c0 17.67 14.33 32 32 32h384c17.67 0 32-14.33 32-32v-32c0-17.67-14.33-32-32-32z\"><\/path><\/svg><\/span>\n\t\t\t<span class='e-closed'><svg aria-hidden=\"true\" class=\"e-font-icon-svg e-fas-plus\" viewbox=\"0 0 448 512\" xmlns=\"http:\/\/www.w3.org\/2000\/svg\"><path d=\"M416 208H272V64c0-17.67-14.33-32-32-32h-32c-17.67 0-32 14.33-32 32v144H32c-17.67 0-32 14.33-32 32v32c0 17.67 14.33 32 32 32h144v144c0 17.67 14.33 32 32 32h32c17.67 0 32-14.33 32-32V304h144c17.67 0 32-14.33 32-32v-32c0-17.67-14.33-32-32-32z\"><\/path><\/svg><\/span>\n\t\t<\/span>\n\n\t\t\t\t\t\t<\/summary>\n\t\t\t\t<div role=\"region\" aria-labelledby=\"e-n-accordion-item-2351\" class=\"elementor-element elementor-element-9d663af e-con-full e-flex e-con e-child\" data-id=\"9d663af\" data-element_type=\"container\" data-e-type=\"container\">\n\t\t\t\t<div class=\"elementor-element elementor-element-3756793 elementor-widget elementor-widget-text-editor\" data-id=\"3756793\" data-element_type=\"widget\" data-e-type=\"widget\" data-widget_type=\"text-editor.default\">\n\t\t\t\t\t\t\t\t\t<p style=\"text-align: left;\" align=\"justify\">Psychotherapie bezeichnet die gezielte und professionelle Behandlung psychischer St\u00f6rungen mit psychologischen Mitteln. Die konkreten Methoden und Konzepte sind durch Psychotherapieschulen gepr\u00e4gt und wissenschaftlich fundiert. Ziel ist die Verminderung von Symptomen, die Verbesserung der psychosozialen Funktionsf\u00e4higkeit und Lebensqualit\u00e4t sowie eine Ver\u00e4nderung ung\u00fcnstiger Erlebens-, Verhaltens- und Beziehungsmuster.<\/p><p style=\"text-align: left;\" align=\"justify\">Unsere Psychotherapeut*innen arbeiten vor allem auf Grundlage der kognitiven Verhaltenstherapie. Zu Beginn der Behandlung erfolgt eine diagnostische Abkl\u00e4rung. Darauf aufbauend entwickeln Therapeut*in und Klient*in gemeinsam ein individuelles Verst\u00e4ndnis der bestehenden Belastungen sowie konkrete Therapieziele und einen passenden Behandlungsplan. Im therapeutischen Prozess werden bei Bedarf Elemente aus der systemischen, k\u00f6rperorientierten Therapie sowie der Spieltherapie integriert. So kann die Behandlung flexibel an die Bed\u00fcrfnisse und Lebenssituationen der Klient*innen angepasst werden. Wenn es sinnvoll erscheint, werden auch wichtige Bezugspersonen oder das soziale Umfeld in den therapeutischen Prozess einbezogen. Dabei geht es darum, bestehende Ressourcen und Unterst\u00fctzungssysteme zu st\u00e4rken, den Umgang mit belastenden Situationen zu erleichtern und eine nachhaltige Stabilit\u00e4t zu f\u00f6rdern.<\/p><p style=\"text-align: left;\" align=\"justify\">Psychotherapie kann unterst\u00fctzen, wenn psychische Belastungen den Alltag einschr\u00e4nken, die Person oder ihr Umfeld darunter leidet und wenn eigene Strategien nicht mehr greifen. Eine stabile therapeutische Beziehung und die Motivation zur Mitarbeit sind entscheidende Voraussetzungen, damit eine Psychotherapie helfen kann.<\/p><p style=\"text-align: left;\" align=\"justify\">\u00a0<\/p>\t\t\t\t\t\t\t\t<\/div>\n\t\t\t\t<\/div>\n\t\t\t\t\t<\/details>\n\t\t\t\t\t\t<details id=\"e-n-accordion-item-2352\" class=\"e-n-accordion-item\" >\n\t\t\t\t<summary class=\"e-n-accordion-item-title\" data-accordion-index=\"3\" tabindex=\"-1\" aria-expanded=\"false\" aria-controls=\"e-n-accordion-item-2352\" >\n\t\t\t\t\t<span class='e-n-accordion-item-title-header'><div class=\"e-n-accordion-item-title-text\"> Trauma &amp; Traumafolgest\u00f6rungen <\/div><\/span>\n\t\t\t\t\t\t\t<span class='e-n-accordion-item-title-icon'>\n\t\t\t<span class='e-opened' ><svg aria-hidden=\"true\" class=\"e-font-icon-svg e-fas-minus\" viewbox=\"0 0 448 512\" xmlns=\"http:\/\/www.w3.org\/2000\/svg\"><path d=\"M416 208H32c-17.67 0-32 14.33-32 32v32c0 17.67 14.33 32 32 32h384c17.67 0 32-14.33 32-32v-32c0-17.67-14.33-32-32-32z\"><\/path><\/svg><\/span>\n\t\t\t<span class='e-closed'><svg aria-hidden=\"true\" class=\"e-font-icon-svg e-fas-plus\" viewbox=\"0 0 448 512\" xmlns=\"http:\/\/www.w3.org\/2000\/svg\"><path d=\"M416 208H272V64c0-17.67-14.33-32-32-32h-32c-17.67 0-32 14.33-32 32v144H32c-17.67 0-32 14.33-32 32v32c0 17.67 14.33 32 32 32h144v144c0 17.67 14.33 32 32 32h32c17.67 0 32-14.33 32-32V304h144c17.67 0 32-14.33 32-32v-32c0-17.67-14.33-32-32-32z\"><\/path><\/svg><\/span>\n\t\t<\/span>\n\n\t\t\t\t\t\t<\/summary>\n\t\t\t\t<div role=\"region\" aria-labelledby=\"e-n-accordion-item-2352\" class=\"elementor-element elementor-element-9e0ad5a e-con-full e-flex e-con e-child\" data-id=\"9e0ad5a\" data-element_type=\"container\" data-e-type=\"container\">\n\t\t\t\t<div class=\"elementor-element elementor-element-8297f5b elementor-widget elementor-widget-text-editor\" data-id=\"8297f5b\" data-element_type=\"widget\" data-e-type=\"widget\" data-widget_type=\"text-editor.default\">\n\t\t\t\t\t\t\t\t\t<h5 style=\"text-align: left;\" align=\"justify\">Trauma<\/h5><p style=\"text-align: left;\" align=\"justify\">Ein Trauma ist ein Erlebnis von au\u00dfergew\u00f6hnlicher Bedrohung oder katastrophalem Ausma\u00df, das fast bei jeder*jedem tiefe Verzweiflung ausl\u00f6sen w\u00fcrde. In solchen Situationen funktionieren die \u00fcblichen Strategien und Bew\u00e4ltigungsmechanismen nicht mehr. Betroffene f\u00fchlen sich extrem hilflos, ohnm\u00e4chtig und ausgeliefert.<\/p><p style=\"text-align: left;\" align=\"justify\">Beispiele f\u00fcr traumatische Ereignisse sind Unf\u00e4lle, Gewalterfahrungen, Kriegserlebnisse, Naturkatastrophen oder der pl\u00f6tzliche Verlust einer nahestehenden Person.<\/p><p align=\"justify\">\u00a0<\/p><h5 style=\"text-align: left;\" align=\"justify\">Trauma und PTBS \u2013 was ist der Unterschied?<\/h5><p style=\"text-align: left;\" align=\"justify\">Ein Trauma ist das belastende Ereignis selbst. Die Posttraumatische Belastungsst\u00f6rung (PTBS) kann sich entwickeln, wenn dieses Ereignis nicht verarbeitet wird. Typische Symptome sind beispielsweise Flashbacks, Vermeidungsverhalten, emotionale Taubheit oder st\u00e4ndige \u00dcbererregbarkeit.<\/p><p style=\"text-align: left;\" align=\"justify\">Aber: Nicht jede traumatische Erfahrung f\u00fchrt automatisch zu einer PTBS \u2013 sie ist nur eine m\u00f6gliche Folge.<\/p><p align=\"justify\">\u00a0<\/p><h5 style=\"text-align: left;\" align=\"justify\">PTBS<\/h5><p style=\"text-align: left;\" align=\"justify\">Menschen mit PTBS erleben h\u00e4ufig:<\/p><ul><li style=\"text-align: left;\">Anhaltende Erinnerungen oder Wiedererleben des Traumas durch Intrusionen oder Albtr\u00e4ume<\/li><li style=\"text-align: left;\">Vermeidungsverhalten, um Trigger zu umgehen<\/li><li style=\"text-align: left;\">Anhaltende \u00dcbererregung, z.<span style=\"font-family: Arial, serif;\">\u202f<\/span>B. Schlafst<span style=\"font-family: Aptos, serif;\">\u00f6<\/span>rungen, Reizbarkeit, Konzentrationsprobleme oder Schreckhaftigkeit<\/li><\/ul><p style=\"text-align: left;\" align=\"justify\">Flashbacks k\u00f6nnen Betroffene pl\u00f6tzlich in die traumatische Situation zur\u00fcckversetzen. Ausl\u00f6ser daf\u00fcr sind sogenannte Trigger \u2013 zum Beispiel Ger\u00e4usche, Ger\u00fcche oder andere Reize, die mit dem Trauma verbunden sind. Die Reaktionen reichen von Angst \u00fcber Panik bis hin zu Erstarrung, wobei Betroffene h\u00e4ufig das Gef\u00fchl haben, den Erinnerungen hilflos ausgeliefert zu sein.<\/p><p align=\"justify\">\u00a0<\/p><h5 style=\"text-align: left;\" align=\"justify\">Traumafolgest\u00f6rungen<\/h5><p style=\"text-align: left;\" align=\"justify\">Neben der PTBS k\u00f6nnen traumatische Erfahrungen auch andere psychische Erkrankungen ausl\u00f6sen. Menschen reagieren unterschiedlich auf Traumata, m\u00f6gliche Folgen sind unter anderem:<\/p><ul><li>Angstst\u00f6rungen<\/li><li>Depressionen<\/li><li>Suchterkrankungen<\/li><li>Dissoziative St\u00f6rungen<\/li><li>Zwangsst\u00f6rungen<\/li><li>K\u00f6rperliche Beschwerden ohne medizinische Ursache (Somatisierungsst\u00f6rungen)<\/li><\/ul><p style=\"text-align: left;\" align=\"justify\">Mehrere dieser St\u00f6rungen k\u00f6nnen gleichzeitig auftreten und sich gegenseitig verst\u00e4rken.<\/p><p align=\"justify\">\u00a0<\/p><h5 style=\"text-align: left;\" align=\"justify\">Depression \u2013 mehr als nur Traurigkeit<\/h5><p style=\"text-align: left;\" align=\"justify\">Eine Depression ist eine schwerwiegende psychische Erkrankung, die sich unter anderem durch eine anhaltend niedergeschlagene Stimmung, Interessenverlust und verminderte Energie \u00e4u\u00dfern kann. F\u00fcr die Diagnose m\u00fcssen die Beschwerden in der Regel \u00fcber einen Zeitraum von mindestens zwei Wochen bestehen. H\u00e4ufig gehen Depressionen auch mit weiteren Symptomen einher, wie zum Beispiel Schlafst\u00f6rungen, vermindertem Appetit, Schuldgef\u00fchlen, einem geringeren Selbstwertgef\u00fchl sowie Konzentrations- und Ged\u00e4chtnisschwierigkeiten oder auch Gedanken an Suizid.<\/p><p style=\"text-align: left;\" align=\"justify\">Die Behandlung erfolgt in der Regel durch Psychotherapie und \u2013 je nach Bedarf \u2013 erg\u00e4nzend durch Medikamente wie Antidepressiva. Welche Form der Therapie zum Einsatz kommt, h\u00e4ngt vom Schweregrad der Erkrankung ab und kann ambulant stattfinden oder in schwereren F\u00e4llen auch station\u00e4r erfolgen.<\/p><p align=\"justify\">\u00a0<\/p>\t\t\t\t\t\t\t\t<\/div>\n\t\t\t\t<\/div>\n\t\t\t\t\t<\/details>\n\t\t\t\t\t\t<details id=\"e-n-accordion-item-2353\" class=\"e-n-accordion-item\" >\n\t\t\t\t<summary class=\"e-n-accordion-item-title\" data-accordion-index=\"4\" tabindex=\"-1\" aria-expanded=\"false\" aria-controls=\"e-n-accordion-item-2353\" >\n\t\t\t\t\t<span class='e-n-accordion-item-title-header'><div class=\"e-n-accordion-item-title-text\"> Wer kommt zu uns? <\/div><\/span>\n\t\t\t\t\t\t\t<span class='e-n-accordion-item-title-icon'>\n\t\t\t<span class='e-opened' ><svg aria-hidden=\"true\" class=\"e-font-icon-svg e-fas-minus\" viewbox=\"0 0 448 512\" xmlns=\"http:\/\/www.w3.org\/2000\/svg\"><path d=\"M416 208H32c-17.67 0-32 14.33-32 32v32c0 17.67 14.33 32 32 32h384c17.67 0 32-14.33 32-32v-32c0-17.67-14.33-32-32-32z\"><\/path><\/svg><\/span>\n\t\t\t<span class='e-closed'><svg aria-hidden=\"true\" class=\"e-font-icon-svg e-fas-plus\" viewbox=\"0 0 448 512\" xmlns=\"http:\/\/www.w3.org\/2000\/svg\"><path d=\"M416 208H272V64c0-17.67-14.33-32-32-32h-32c-17.67 0-32 14.33-32 32v144H32c-17.67 0-32 14.33-32 32v32c0 17.67 14.33 32 32 32h144v144c0 17.67 14.33 32 32 32h32c17.67 0 32-14.33 32-32V304h144c17.67 0 32-14.33 32-32v-32c0-17.67-14.33-32-32-32z\"><\/path><\/svg><\/span>\n\t\t<\/span>\n\n\t\t\t\t\t\t<\/summary>\n\t\t\t\t<div role=\"region\" aria-labelledby=\"e-n-accordion-item-2353\" class=\"elementor-element elementor-element-17c1cbc e-con-full e-flex e-con e-child\" data-id=\"17c1cbc\" data-element_type=\"container\" data-e-type=\"container\">\n\t\t\t\t<div class=\"elementor-element elementor-element-f13cdb7 elementor-widget__width-inherit elementor-widget elementor-widget-shortcode\" data-id=\"f13cdb7\" data-element_type=\"widget\" data-e-type=\"widget\" data-widget_type=\"shortcode.default\">\n\t\t\t\t\t\t\t<div class=\"elementor-shortcode\">Stand M\u00e4rz 2026\n<div class=\"visualizer-front-container visualizer-lazy-render\" id=\"chart_wrapper_visualizer-655-725657501\"><style type=\"text\/css\" name=\"visualizer-custom-css\" id=\"customcss-visualizer-655\">.locker,.locker-loader{position:absolute;top:0;left:0;width:100%;height:100%}.locker{z-index:1000;opacity:.8;background-color:#fff;-ms-filter:\"progid:DXImageTransform.Microsoft.Alpha(Opacity=80)\";filter:alpha(opacity=80)}.locker-loader{z-index:1001;background:url(https:\/\/suporta.de\/wp-content\/plugins\/visualizer\/images\/ajax-loader.gif) no-repeat center center}.dt-button{display:none!important}.visualizer-front-container.visualizer-lazy-render{content-visibility: auto;}.google-visualization-controls-categoryfilter label.google-visualization-controls-label {vertical-align: middle;}.google-visualization-controls-categoryfilter li.goog-inline-block {margin: 0 0.2em;}.google-visualization-controls-categoryfilter li {padding: 0 0.2em;}.visualizer-front-container .dataTables_scrollHeadInner{margin: 0 auto;}<\/style><div id=\"visualizer-655-725657501\" class=\"visualizer-front  visualizer-front-655\"><\/div><!-- Not showing structured data for chart 655 because description is empty --><\/div>\n<div class=\"visualizer-front-container visualizer-lazy-render\" id=\"chart_wrapper_visualizer-651-139082353\"><style type=\"text\/css\" name=\"visualizer-custom-css\" id=\"customcss-visualizer-651\">.locker,.locker-loader{position:absolute;top:0;left:0;width:100%;height:100%}.locker{z-index:1000;opacity:.8;background-color:#fff;-ms-filter:\"progid:DXImageTransform.Microsoft.Alpha(Opacity=80)\";filter:alpha(opacity=80)}.locker-loader{z-index:1001;background:url(https:\/\/suporta.de\/wp-content\/plugins\/visualizer\/images\/ajax-loader.gif) no-repeat center center}.dt-button{display:none!important}.visualizer-front-container.visualizer-lazy-render{content-visibility: auto;}.google-visualization-controls-categoryfilter label.google-visualization-controls-label {vertical-align: middle;}.google-visualization-controls-categoryfilter li.goog-inline-block {margin: 0 0.2em;}.google-visualization-controls-categoryfilter li {padding: 0 0.2em;}.visualizer-front-container .dataTables_scrollHeadInner{margin: 0 auto;}<\/style><div id=\"visualizer-651-139082353\" class=\"visualizer-front  visualizer-front-651\"><\/div><!-- Not showing structured data for chart 651 because description is empty --><\/div>\n<div class=\"visualizer-front-container visualizer-lazy-render\" id=\"chart_wrapper_visualizer-645-324323587\"><style type=\"text\/css\" name=\"visualizer-custom-css\" id=\"customcss-visualizer-645\">.locker,.locker-loader{position:absolute;top:0;left:0;width:100%;height:100%}.locker{z-index:1000;opacity:.8;background-color:#fff;-ms-filter:\"progid:DXImageTransform.Microsoft.Alpha(Opacity=80)\";filter:alpha(opacity=80)}.locker-loader{z-index:1001;background:url(https:\/\/suporta.de\/wp-content\/plugins\/visualizer\/images\/ajax-loader.gif) no-repeat center center}.dt-button{display:none!important}.visualizer-front-container.visualizer-lazy-render{content-visibility: auto;}.google-visualization-controls-categoryfilter label.google-visualization-controls-label {vertical-align: middle;}.google-visualization-controls-categoryfilter li.goog-inline-block {margin: 0 0.2em;}.google-visualization-controls-categoryfilter li {padding: 0 0.2em;}.visualizer-front-container .dataTables_scrollHeadInner{margin: 0 auto;}<\/style><div id=\"visualizer-645-324323587\" class=\"visualizer-front  visualizer-front-645\"><\/div><!-- Not showing structured data for chart 645 because description is empty --><\/div><\/div>\n\t\t\t\t\t\t<\/div>\n\t\t\t\t<\/div>\n\t\t\t\t\t<\/details>\n\t\t\t\t\t<\/div>\n\t\t\t\t\t\t<\/div>\n\t\t\t\t\t<\/div>\n\t\t\t\t<\/div>\n\t\t\t\t<\/div>","protected":false},"excerpt":{"rendered":"<p>Psychische Gesundheit &amp; Flucht Warum es uns braucht Versorgungslage Wird Psychotherapie f\u00fcr traumatisierte Gefl\u00fcchtete nicht vom Staat bezahlt? Die Realit\u00e4t [&hellip;]<\/p>\n","protected":false},"author":1,"featured_media":0,"parent":0,"menu_order":0,"comment_status":"closed","ping_status":"closed","template":"","meta":{"site-sidebar-layout":"no-sidebar","site-content-layout":"","ast-site-content-layout":"full-width-container","site-content-style":"default","site-sidebar-style":"default","ast-global-header-display":"","ast-banner-title-visibility":"","ast-main-header-display":"","ast-hfb-above-header-display":"","ast-hfb-below-header-display":"","ast-hfb-mobile-header-display":"","site-post-title":"disabled","ast-breadcrumbs-content":"","ast-featured-img":"disabled","footer-sml-layout":"","ast-disable-related-posts":"","theme-transparent-header-meta":"","adv-header-id-meta":"","stick-header-meta":"","header-above-stick-meta":"","header-main-stick-meta":"","header-below-stick-meta":"","astra-migrate-meta-layouts":"default","ast-page-background-enabled":"default","ast-page-background-meta":{"desktop":{"background-color":"var(--ast-global-color-5)","background-image":"","background-repeat":"repeat","background-position":"center center","background-size":"auto","background-attachment":"scroll","background-type":"","background-media":"","overlay-type":"","overlay-color":"","overlay-opacity":"","overlay-gradient":""},"tablet":{"background-color":"","background-image":"","background-repeat":"repeat","background-position":"center center","background-size":"auto","background-attachment":"scroll","background-type":"","background-media":"","overlay-type":"","overlay-color":"","overlay-opacity":"","overlay-gradient":""},"mobile":{"background-color":"","background-image":"","background-repeat":"repeat","background-position":"center center","background-size":"auto","background-attachment":"scroll","background-type":"","background-media":"","overlay-type":"","overlay-color":"","overlay-opacity":"","overlay-gradient":""}},"ast-content-background-meta":{"desktop":{"background-color":"var(--ast-global-color-4)","background-image":"","background-repeat":"repeat","background-position":"center center","background-size":"auto","background-attachment":"scroll","background-type":"","background-media":"","overlay-type":"","overlay-color":"","overlay-opacity":"","overlay-gradient":""},"tablet":{"background-color":"var(--ast-global-color-4)","background-image":"","background-repeat":"repeat","background-position":"center center","background-size":"auto","background-attachment":"scroll","background-type":"","background-media":"","overlay-type":"","overlay-color":"","overlay-opacity":"","overlay-gradient":""},"mobile":{"background-color":"var(--ast-global-color-4)","background-image":"","background-repeat":"repeat","background-position":"center center","background-size":"auto","background-attachment":"scroll","background-type":"","background-media":"","overlay-type":"","overlay-color":"","overlay-opacity":"","overlay-gradient":""}},"footnotes":""},"class_list":["post-71","page","type-page","status-publish","hentry"],"yoast_head":"<!-- This site is optimized with the Yoast SEO plugin v27.5 - https:\/\/yoast.com\/product\/yoast-seo-wordpress\/ -->\n<title>Psychische Gesundheit &amp; Flucht &#8211; SuPortA \u2013 Care Together<\/title>\n<meta name=\"robots\" content=\"index, follow, max-snippet:-1, max-image-preview:large, max-video-preview:-1\" \/>\n<link rel=\"canonical\" href=\"https:\/\/suporta.de\/ar\/psychische-gesundheit-flucht\/\" \/>\n<meta property=\"og:locale\" content=\"ar_AR\" \/>\n<meta property=\"og:type\" content=\"article\" \/>\n<meta property=\"og:title\" content=\"Psychische Gesundheit &amp; Flucht &#8211; SuPortA \u2013 Care Together\" \/>\n<meta property=\"og:description\" content=\"Psychische Gesundheit &amp; Flucht Warum es uns braucht Versorgungslage Wird Psychotherapie f\u00fcr traumatisierte Gefl\u00fcchtete nicht vom Staat bezahlt? Die Realit\u00e4t [&hellip;]\" \/>\n<meta property=\"og:url\" content=\"https:\/\/suporta.de\/ar\/psychische-gesundheit-flucht\/\" \/>\n<meta property=\"og:site_name\" content=\"SuPortA \u2013 Care Together\" \/>\n<meta property=\"article:modified_time\" content=\"2026-04-28T21:15:57+00:00\" \/>\n<meta name=\"twitter:card\" content=\"summary_large_image\" \/>\n<meta name=\"twitter:label1\" content=\"\u0648\u0642\u062a \u0627\u0644\u0642\u0631\u0627\u0621\u0629 \u0627\u0644\u0645\u064f\u0642\u062f\u0651\u0631\" \/>\n\t<meta name=\"twitter:data1\" content=\"8 \u062f\u0642\u0627\u0626\u0642\" \/>\n<script type=\"application\/ld+json\" class=\"yoast-schema-graph\">{\"@context\":\"https:\\\/\\\/schema.org\",\"@graph\":[{\"@type\":\"WebPage\",\"@id\":\"https:\\\/\\\/suporta.de\\\/psychische-gesundheit-flucht\\\/\",\"url\":\"https:\\\/\\\/suporta.de\\\/psychische-gesundheit-flucht\\\/\",\"name\":\"Psychische Gesundheit & Flucht &#8211; SuPortA \u2013 Care Together\",\"isPartOf\":{\"@id\":\"https:\\\/\\\/suporta.de\\\/#website\"},\"datePublished\":\"2026-04-04T08:52:27+00:00\",\"dateModified\":\"2026-04-28T21:15:57+00:00\",\"breadcrumb\":{\"@id\":\"https:\\\/\\\/suporta.de\\\/psychische-gesundheit-flucht\\\/#breadcrumb\"},\"inLanguage\":\"ar\",\"potentialAction\":[{\"@type\":\"ReadAction\",\"target\":[\"https:\\\/\\\/suporta.de\\\/psychische-gesundheit-flucht\\\/\"]}]},{\"@type\":\"BreadcrumbList\",\"@id\":\"https:\\\/\\\/suporta.de\\\/psychische-gesundheit-flucht\\\/#breadcrumb\",\"itemListElement\":[{\"@type\":\"ListItem\",\"position\":1,\"name\":\"Start\",\"item\":\"https:\\\/\\\/suporta.de\\\/\"},{\"@type\":\"ListItem\",\"position\":2,\"name\":\"Psychische Gesundheit &#038; Flucht\"}]},{\"@type\":\"WebSite\",\"@id\":\"https:\\\/\\\/suporta.de\\\/#website\",\"url\":\"https:\\\/\\\/suporta.de\\\/\",\"name\":\"suporta\",\"description\":\"Psychosoziale Anlaufstelle f\u00fcr Gefl\u00fcchtete | a.a.a. e.V.\",\"publisher\":{\"@id\":\"https:\\\/\\\/suporta.de\\\/#organization\"},\"potentialAction\":[{\"@type\":\"SearchAction\",\"target\":{\"@type\":\"EntryPoint\",\"urlTemplate\":\"https:\\\/\\\/suporta.de\\\/?s={search_term_string}\"},\"query-input\":{\"@type\":\"PropertyValueSpecification\",\"valueRequired\":true,\"valueName\":\"search_term_string\"}}],\"inLanguage\":\"ar\"},{\"@type\":\"Organization\",\"@id\":\"https:\\\/\\\/suporta.de\\\/#organization\",\"name\":\"Suporta \u2013 Care Together \\\/ a.a.a. e.V. Regensburg\",\"url\":\"https:\\\/\\\/suporta.de\\\/\",\"logo\":{\"@type\":\"ImageObject\",\"inLanguage\":\"ar\",\"@id\":\"https:\\\/\\\/suporta.de\\\/#\\\/schema\\\/logo\\\/image\\\/\",\"url\":\"https:\\\/\\\/suporta.de\\\/wp-content\\\/uploads\\\/2026\\\/04\\\/aaa_logos_2026_1-1_1.png\",\"contentUrl\":\"https:\\\/\\\/suporta.de\\\/wp-content\\\/uploads\\\/2026\\\/04\\\/aaa_logos_2026_1-1_1.png\",\"width\":800,\"height\":275,\"caption\":\"Suporta \u2013 Care Together \\\/ a.a.a. e.V. Regensburg\"},\"image\":{\"@id\":\"https:\\\/\\\/suporta.de\\\/#\\\/schema\\\/logo\\\/image\\\/\"},\"sameAs\":[\"https:\\\/\\\/www.instagram.com\\\/aaa_regensburg\\\/\"]}]}<\/script>\n<!-- \/ Yoast SEO plugin. -->","yoast_head_json":{"title":"Psychische Gesundheit & Flucht &#8211; SuPortA \u2013 Care Together","robots":{"index":"index","follow":"follow","max-snippet":"max-snippet:-1","max-image-preview":"max-image-preview:large","max-video-preview":"max-video-preview:-1"},"canonical":"https:\/\/suporta.de\/ar\/psychische-gesundheit-flucht\/","og_locale":"ar_AR","og_type":"article","og_title":"Psychische Gesundheit & Flucht &#8211; SuPortA \u2013 Care Together","og_description":"Psychische Gesundheit &amp; Flucht Warum es uns braucht Versorgungslage Wird Psychotherapie f\u00fcr traumatisierte Gefl\u00fcchtete nicht vom Staat bezahlt? Die Realit\u00e4t [&hellip;]","og_url":"https:\/\/suporta.de\/ar\/psychische-gesundheit-flucht\/","og_site_name":"SuPortA \u2013 Care Together","article_modified_time":"2026-04-28T21:15:57+00:00","twitter_card":"summary_large_image","twitter_misc":{"\u0648\u0642\u062a \u0627\u0644\u0642\u0631\u0627\u0621\u0629 \u0627\u0644\u0645\u064f\u0642\u062f\u0651\u0631":"8 \u062f\u0642\u0627\u0626\u0642"},"schema":{"@context":"https:\/\/schema.org","@graph":[{"@type":"WebPage","@id":"https:\/\/suporta.de\/psychische-gesundheit-flucht\/","url":"https:\/\/suporta.de\/psychische-gesundheit-flucht\/","name":"Psychische Gesundheit & Flucht &#8211; SuPortA \u2013 Care Together","isPartOf":{"@id":"https:\/\/suporta.de\/#website"},"datePublished":"2026-04-04T08:52:27+00:00","dateModified":"2026-04-28T21:15:57+00:00","breadcrumb":{"@id":"https:\/\/suporta.de\/psychische-gesundheit-flucht\/#breadcrumb"},"inLanguage":"ar","potentialAction":[{"@type":"ReadAction","target":["https:\/\/suporta.de\/psychische-gesundheit-flucht\/"]}]},{"@type":"BreadcrumbList","@id":"https:\/\/suporta.de\/psychische-gesundheit-flucht\/#breadcrumb","itemListElement":[{"@type":"ListItem","position":1,"name":"Start","item":"https:\/\/suporta.de\/"},{"@type":"ListItem","position":2,"name":"Psychische Gesundheit &#038; Flucht"}]},{"@type":"WebSite","@id":"https:\/\/suporta.de\/#website","url":"https:\/\/suporta.de\/","name":"suporta","description":"Psychosoziale Anlaufstelle f\u00fcr Gefl\u00fcchtete | a.a.a. e.V.","publisher":{"@id":"https:\/\/suporta.de\/#organization"},"potentialAction":[{"@type":"SearchAction","target":{"@type":"EntryPoint","urlTemplate":"https:\/\/suporta.de\/?s={search_term_string}"},"query-input":{"@type":"PropertyValueSpecification","valueRequired":true,"valueName":"search_term_string"}}],"inLanguage":"ar"},{"@type":"Organization","@id":"https:\/\/suporta.de\/#organization","name":"Suporta \u2013 Care Together \/ a.a.a. e.V. Regensburg","url":"https:\/\/suporta.de\/","logo":{"@type":"ImageObject","inLanguage":"ar","@id":"https:\/\/suporta.de\/#\/schema\/logo\/image\/","url":"https:\/\/suporta.de\/wp-content\/uploads\/2026\/04\/aaa_logos_2026_1-1_1.png","contentUrl":"https:\/\/suporta.de\/wp-content\/uploads\/2026\/04\/aaa_logos_2026_1-1_1.png","width":800,"height":275,"caption":"Suporta \u2013 Care Together \/ a.a.a. e.V. Regensburg"},"image":{"@id":"https:\/\/suporta.de\/#\/schema\/logo\/image\/"},"sameAs":["https:\/\/www.instagram.com\/aaa_regensburg\/"]}]}},"_links":{"self":[{"href":"https:\/\/suporta.de\/ar\/wp-json\/wp\/v2\/pages\/71","targetHints":{"allow":["GET"]}}],"collection":[{"href":"https:\/\/suporta.de\/ar\/wp-json\/wp\/v2\/pages"}],"about":[{"href":"https:\/\/suporta.de\/ar\/wp-json\/wp\/v2\/types\/page"}],"author":[{"embeddable":true,"href":"https:\/\/suporta.de\/ar\/wp-json\/wp\/v2\/users\/1"}],"replies":[{"embeddable":true,"href":"https:\/\/suporta.de\/ar\/wp-json\/wp\/v2\/comments?post=71"}],"version-history":[{"count":51,"href":"https:\/\/suporta.de\/ar\/wp-json\/wp\/v2\/pages\/71\/revisions"}],"predecessor-version":[{"id":757,"href":"https:\/\/suporta.de\/ar\/wp-json\/wp\/v2\/pages\/71\/revisions\/757"}],"wp:attachment":[{"href":"https:\/\/suporta.de\/ar\/wp-json\/wp\/v2\/media?parent=71"}],"curies":[{"name":"wp","href":"https:\/\/api.w.org\/{rel}","templated":true}]}}