{"id":86,"date":"2026-04-04T10:52:19","date_gmt":"2026-04-04T08:52:19","guid":{"rendered":"https:\/\/suporta.de\/?page_id=86"},"modified":"2026-04-28T23:48:07","modified_gmt":"2026-04-28T21:48:07","slug":"kontakt-spenden","status":"publish","type":"page","link":"https:\/\/suporta.de\/ar\/kontakt-spenden\/","title":{"rendered":"Kontakt &#038; Spenden"},"content":{"rendered":"\t\t<div data-elementor-type=\"wp-page\" data-elementor-id=\"86\" class=\"elementor elementor-86\">\n\t\t\t\t<div class=\"elementor-element elementor-element-35a7ca7 e-flex e-con-boxed e-con e-parent\" data-id=\"35a7ca7\" data-element_type=\"container\" data-e-type=\"container\">\n\t\t\t\t\t<div class=\"e-con-inner\">\n\t\t\t\t<div class=\"elementor-element elementor-element-e1e4b3f elementor-widget elementor-widget-heading\" data-id=\"e1e4b3f\" data-element_type=\"widget\" data-e-type=\"widget\" data-widget_type=\"heading.default\">\n\t\t\t\t\t<h2 class=\"elementor-heading-title elementor-size-default\">Kontakt &amp; Spenden<\/h2>\t\t\t\t<\/div>\n\t\t\t\t<div class=\"elementor-element elementor-element-0ded855 elementor-widget elementor-widget-text-editor\" data-id=\"0ded855\" data-element_type=\"widget\" data-e-type=\"widget\" data-widget_type=\"text-editor.default\">\n\t\t\t\t\t\t\t\t\t<p style=\"text-align: center;\"><em>Kontaktadressen und Spendenlink<\/em><\/p>\t\t\t\t\t\t\t\t<\/div>\n\t\t\t\t\t\n<hr class=\"e-c4d5db0-a5fe5aa e-divider-base\" data-interaction-id=\"c4d5db0\"   \/>\n\t\t\t\t\t<\/div>\n\t\t\t\t<\/div>\n\t\t<div class=\"elementor-element elementor-element-e61e3be e-flex e-con-boxed e-con e-parent\" data-id=\"e61e3be\" data-element_type=\"container\" data-e-type=\"container\">\n\t\t\t\t\t<div class=\"e-con-inner\">\n\t\t<div class=\"elementor-element elementor-element-c3164f7 e-con-full e-flex e-con e-child\" data-id=\"c3164f7\" data-element_type=\"container\" data-e-type=\"container\">\n\t\t\t\t<div class=\"elementor-element elementor-element-3ce1a04 elementor-widget elementor-widget-text-editor\" data-id=\"3ce1a04\" data-element_type=\"widget\" data-e-type=\"widget\" data-widget_type=\"text-editor.default\">\n\t\t\t\t\t\t\t\t\t<h4>Kontakt<\/h4><p align=\"justify\"><strong>Adresse:<br \/><\/strong>Care Together \u2013 a.a.a. e.V.<br \/>Burgweintingerstr. 30<br \/>93055 Regensburg<br \/>(3. <span lang=\"en-US\">Stock)<\/span><\/p><p><em>Eingang \u00fcber Burgweintingerstr. 30 auf H\u00f6he der Bushaltestelle.<br \/><br \/><\/em><!-- notionvc: 58c9c92e-0d02-4715-af7c-aabf7b8f63b8 --><\/p><p align=\"justify\"><strong>E-Mail:<br \/><\/strong><span style=\"color: #467886;\"><u><a href=\"mailto:caretogether@aaa-regensburg.de\">caretogether@aaa-regensburg.de<\/a><\/u><\/span><\/p><p align=\"justify\"><strong>Telefon:<br \/><\/strong>0163 730 91 61<\/p><p align=\"justify\"><strong>Instagram:<\/strong><br \/><a href=\"https:\/\/www.instagram.com\/aaa_regensburg\/\" target=\"_blank\" rel=\"noopener\">https:\/\/www.instagram.com\/aaa_regensburg\/<\/a><\/p>\t\t\t\t\t\t\t\t<\/div>\n\t\t\t\t<div class=\"elementor-element elementor-element-d82592d elementor-widget__width-initial elementor-widget elementor-widget-google_maps\" data-id=\"d82592d\" data-element_type=\"widget\" data-e-type=\"widget\" data-widget_type=\"google_maps.default\">\n\t\t\t\t\t\t\t<div class=\"elementor-custom-embed\">\n\t\t\t<iframe loading=\"lazy\"\n\t\t\t\t\tsrc=\"https:\/\/maps.google.com\/maps?q=Burgweintingerstr.%2030%2093055%20Regensburg&#038;t=m&#038;z=16&#038;output=embed&#038;iwloc=near\"\n\t\t\t\t\ttitle=\"Burgweintingerstr. 30 93055 Regensburg\"\n\t\t\t\t\taria-label=\"Burgweintingerstr. 30 93055 Regensburg\"\n\t\t\t><\/iframe>\n\t\t<\/div>\n\t\t\t\t\t\t<\/div>\n\t\t\t\t<div class=\"elementor-element elementor-element-63262be elementor-widget elementor-widget-text-editor\" data-id=\"63262be\" data-element_type=\"widget\" data-e-type=\"widget\" data-widget_type=\"text-editor.default\">\n\t\t\t\t\t\t\t\t\t<h5 style=\"text-align: left;\" align=\"justify\">Tr\u00e4ger<\/h5><p style=\"text-align: left;\" align=\"justify\">a.a.a. Arbeitskreis f\u00fcr Ausl\u00e4ndische Arbeitnehmer <br \/>\u2013 Initiativen f\u00fcr Menschen mit Ein- und Zuwanderungshintergrund e.V.<\/p><p style=\"text-align: left;\" align=\"justify\"><strong>Webseite:<\/strong><br \/><u><a href=\"https:\/\/www.aaa-regensburg.de\/\" target=\"_blank\" rel=\"noopener\">https:\/\/www.aaa-regensburg.de\/<\/a><br \/><\/u><\/p><p style=\"text-align: left;\" align=\"justify\"><strong>E-Mail:<\/strong><br \/><u><a href=\"mailto:info@aaa-regensburg.de\">info@aaa-regensburg.de<\/a><\/u><\/p><p style=\"text-align: left;\" align=\"justify\"><strong>E-Mail Abteilung Suporta:<\/strong><br \/><u><a href=\"mailto:suporta@aaa-regensburg.de\">suporta@aaa-regensburg.de<\/a><\/u><\/p><p align=\"justify\">\u00a0<\/p>\t\t\t\t\t\t\t\t<\/div>\n\t\t\t\t<\/div>\n\t\t<div class=\"elementor-element elementor-element-6456119 e-con-full e-flex e-con e-child\" data-id=\"6456119\" data-element_type=\"container\" data-e-type=\"container\" data-settings=\"{&quot;background_background&quot;:&quot;classic&quot;}\">\n\t\t\t\t<div class=\"elementor-element elementor-element-57c6866 elementor-widget elementor-widget-text-editor\" data-id=\"57c6866\" data-element_type=\"widget\" data-e-type=\"widget\" data-widget_type=\"text-editor.default\">\n\t\t\t\t\t\t\t\t\t<h4>Spenden<\/h4><p>M\u00f6chten Sie unsere Arbeit unterst\u00fctzen?<\/p><p>Als gemeinn\u00fctziger Verein freuen wir uns jederzeit auch sehr \u00fcber finanzielle Unterst\u00fctzung, da ein gro\u00dfer Teil unserer Arbeit durch Spenden abgedeckt werden muss. Ein aktueller Freistellungsbescheid zur Ausstellung von Spendenquittungen ist vorhanden.<\/p>\t\t\t\t\t\t\t\t<\/div>\n\t\t\t\t<div class=\"elementor-element elementor-element-855bfce elementor-widget elementor-widget-html\" data-id=\"855bfce\" data-element_type=\"widget\" data-e-type=\"widget\" data-widget_type=\"html.default\">\n\t\t\t\t\t<script type=\"text\/javascript\">\n  \/* Configure at https:\/\/www.betterplace.org\/de\/manage\/projects\/173071-menschlichkeit-verteidigen-unterstuetzung-fuer-gefluechtete-in-regensburg\/iframe_donation_form\/new *\/\n  var _bp_iframe        = _bp_iframe || {};\n  _bp_iframe.project_id = 173071; \/* REQUIRED *\/\n  _bp_iframe.lang       = 'de'; \/* Language of the form *\/\n  _bp_iframe.width = 600; \/* Custom iframe-tag-width, integer *\/\n  _bp_iframe.color = '4a1768'; \/* Button and banderole color, hex without \"#\" *\/\n  _bp_iframe.background_color = 'ffffff'; \/* Background-color, hex without \"#\" *\/\n  _bp_iframe.default_amount = 50; \/* Donation-amount, integer 1-99 *\/\n  _bp_iframe.recurring_interval = 'single'; \/* Interval for recurring donations, string out of single, monthly und yearly *\/\n  _bp_iframe.bottom_logo = true;\n  (function() {\n    var bp = document.createElement('script'); bp.type = 'text\/javascript'; bp.async = true;\n    bp.src = 'https:\/\/betterplace-assets.betterplace.org\/assets\/load_donation_iframe.js';\n    var s = document.getElementsByTagName('script')[0]; s.parentNode.insertBefore(bp, s);\n  })();\n<\/script>\n<div id=\"betterplace_donation_iframe\" style=\"background: transparent url('https:\/\/www.betterplace.org\/assets\/new_spinner.gif') 275px 20px no-repeat;\"><strong><a href=\"https:\/\/www.betterplace.org\/de\/donate\/platform\/projects\/173071-menschlichkeit-verteidigen-unterstuetzung-fuer-gefluechtete-in-regensburg\">Jetzt Spenden f\u00fcr \u201eMenschlichkeit verteidigen \u2013 Unterst\u00fctzung f\u00fcr Gefl\u00fcchtete in Regensburg\u201c bei unserem Partner betterplace.org<\/a><\/strong><\/div>\n\t\t\t\t<\/div>\n\t\t\t\t<div class=\"elementor-element elementor-element-e1f016d elementor-widget elementor-widget-text-editor\" data-id=\"e1f016d\" data-element_type=\"widget\" data-e-type=\"widget\" data-widget_type=\"text-editor.default\">\n\t\t\t\t\t\t\t\t\t<p>Alternativ klicken Sie hier, um zur Spendenaktion auf Betterplace zu kommen:<\/p>\t\t\t\t\t\t\t\t<\/div>\n\t\t\t\t\t    \t            <a\n            href=\"https:\/\/www.betterplace.org\/de\/projects\/173071-menschlichkeit-verteidigen-unterstuetzung-fuer-gefluechtete-in-regensburg\" target=\"_blank\"\n            class=\"e-6ad84c2-fd5d94b e-button-base\"\n            data-interaction-id=\"6ad84c2\"\n             \n        >\n            Spenden\n        <\/a>\n    \t\t\t\t<div class=\"elementor-element elementor-element-b8d4c56 elementor-widget elementor-widget-text-editor\" data-id=\"b8d4c56\" data-element_type=\"widget\" data-e-type=\"widget\" data-widget_type=\"text-editor.default\">\n\t\t\t\t\t\t\t\t\t<p>Gerne k\u00f6nnen Sie auch per Bank\u00fcberweisung spenden:\u00a0<\/p><p>Empf\u00e4nger*in:<br \/>A.A.A. ARBEITSKREIS F\u00dcR AUSL\u00c4NDISCHE ARBEITNEHMER \u2013 IN<\/p><p>IBAN:<br \/>DE45 7505 0000 0000 0258 66<\/p><p>BIC:<br \/>BYLADEM1RBG<\/p>\t\t\t\t\t\t\t\t<\/div>\n\t\t\t\t<\/div>\n\t\t\t\t\t<\/div>\n\t\t\t\t<\/div>\n\t\t\t\t<\/div>\n\t\t","protected":false},"excerpt":{"rendered":"<p>Kontakt &amp; Spenden Kontaktadressen und Spendenlink Kontakt Adresse:Care Together \u2013 a.a.a. e.V.Burgweintingerstr. 3093055 Regensburg(3. Stock) Eingang \u00fcber Burgweintingerstr. 30 auf [&hellip;]<\/p>\n","protected":false},"author":1,"featured_media":0,"parent":0,"menu_order":0,"comment_status":"closed","ping_status":"closed","template":"","meta":{"site-sidebar-layout":"no-sidebar","site-content-layout":"","ast-site-content-layout":"full-width-container","site-content-style":"default","site-sidebar-style":"default","ast-global-header-display":"","ast-banner-title-visibility":"","ast-main-header-display":"","ast-hfb-above-header-display":"","ast-hfb-below-header-display":"","ast-hfb-mobile-header-display":"","site-post-title":"disabled","ast-breadcrumbs-content":"","ast-featured-img":"disabled","footer-sml-layout":"","ast-disable-related-posts":"","theme-transparent-header-meta":"","adv-header-id-meta":"","stick-header-meta":"","header-above-stick-meta":"","header-main-stick-meta":"","header-below-stick-meta":"","astra-migrate-meta-layouts":"default","ast-page-background-enabled":"default","ast-page-background-meta":{"desktop":{"background-color":"var(--ast-global-color-5)","background-image":"","background-repeat":"repeat","background-position":"center center","background-size":"auto","background-attachment":"scroll","background-type":"","background-media":"","overlay-type":"","overlay-color":"","overlay-opacity":"","overlay-gradient":""},"tablet":{"background-color":"","background-image":"","background-repeat":"repeat","background-position":"center center","background-size":"auto","background-attachment":"scroll","background-type":"","background-media":"","overlay-type":"","overlay-color":"","overlay-opacity":"","overlay-gradient":""},"mobile":{"background-color":"","background-image":"","background-repeat":"repeat","background-position":"center center","background-size":"auto","background-attachment":"scroll","background-type":"","background-media":"","overlay-type":"","overlay-color":"","overlay-opacity":"","overlay-gradient":""}},"ast-content-background-meta":{"desktop":{"background-color":"var(--ast-global-color-4)","background-image":"","background-repeat":"repeat","background-position":"center center","background-size":"auto","background-attachment":"scroll","background-type":"","background-media":"","overlay-type":"","overlay-color":"","overlay-opacity":"","overlay-gradient":""},"tablet":{"background-color":"var(--ast-global-color-4)","background-image":"","background-repeat":"repeat","background-position":"center center","background-size":"auto","background-attachment":"scroll","background-type":"","background-media":"","overlay-type":"","overlay-color":"","overlay-opacity":"","overlay-gradient":""},"mobile":{"background-color":"var(--ast-global-color-4)","background-image":"","background-repeat":"repeat","background-position":"center center","background-size":"auto","background-attachment":"scroll","background-type":"","background-media":"","overlay-type":"","overlay-color":"","overlay-opacity":"","overlay-gradient":""}},"footnotes":""},"class_list":["post-86","page","type-page","status-publish","hentry"],"yoast_head":"<!-- This site is optimized with the Yoast SEO plugin v27.5 - https:\/\/yoast.com\/product\/yoast-seo-wordpress\/ -->\n<title>Kontakt &amp; Spenden &#8211; SuPortA \u2013 Care Together<\/title>\n<meta name=\"robots\" content=\"index, follow, max-snippet:-1, max-image-preview:large, max-video-preview:-1\" \/>\n<link rel=\"canonical\" href=\"https:\/\/suporta.de\/ar\/kontakt-spenden\/\" \/>\n<meta property=\"og:locale\" content=\"ar_AR\" \/>\n<meta property=\"og:type\" content=\"article\" \/>\n<meta property=\"og:title\" content=\"Kontakt &amp; Spenden &#8211; SuPortA \u2013 Care Together\" \/>\n<meta property=\"og:description\" content=\"Kontakt &amp; Spenden Kontaktadressen und Spendenlink Kontakt Adresse:Care Together \u2013 a.a.a. e.V.Burgweintingerstr. 3093055 Regensburg(3. Stock) Eingang \u00fcber Burgweintingerstr. 30 auf [&hellip;]\" \/>\n<meta property=\"og:url\" content=\"https:\/\/suporta.de\/ar\/kontakt-spenden\/\" \/>\n<meta property=\"og:site_name\" content=\"SuPortA \u2013 Care Together\" \/>\n<meta property=\"article:modified_time\" content=\"2026-04-28T21:48:07+00:00\" \/>\n<meta name=\"twitter:card\" content=\"summary_large_image\" \/>\n<meta name=\"twitter:label1\" content=\"\u0648\u0642\u062a \u0627\u0644\u0642\u0631\u0627\u0621\u0629 \u0627\u0644\u0645\u064f\u0642\u062f\u0651\u0631\" \/>\n\t<meta name=\"twitter:data1\" content=\"\u062f\u0642\u064a\u0642\u062a\u0627\u0646\" \/>\n<script type=\"application\/ld+json\" class=\"yoast-schema-graph\">{\"@context\":\"https:\\\/\\\/schema.org\",\"@graph\":[{\"@type\":\"WebPage\",\"@id\":\"https:\\\/\\\/suporta.de\\\/kontakt-spenden\\\/\",\"url\":\"https:\\\/\\\/suporta.de\\\/kontakt-spenden\\\/\",\"name\":\"Kontakt & Spenden &#8211; SuPortA \u2013 Care Together\",\"isPartOf\":{\"@id\":\"https:\\\/\\\/suporta.de\\\/#website\"},\"datePublished\":\"2026-04-04T08:52:19+00:00\",\"dateModified\":\"2026-04-28T21:48:07+00:00\",\"breadcrumb\":{\"@id\":\"https:\\\/\\\/suporta.de\\\/kontakt-spenden\\\/#breadcrumb\"},\"inLanguage\":\"ar\",\"potentialAction\":[{\"@type\":\"ReadAction\",\"target\":[\"https:\\\/\\\/suporta.de\\\/kontakt-spenden\\\/\"]}]},{\"@type\":\"BreadcrumbList\",\"@id\":\"https:\\\/\\\/suporta.de\\\/kontakt-spenden\\\/#breadcrumb\",\"itemListElement\":[{\"@type\":\"ListItem\",\"position\":1,\"name\":\"Start\",\"item\":\"https:\\\/\\\/suporta.de\\\/\"},{\"@type\":\"ListItem\",\"position\":2,\"name\":\"Kontakt &#038; Spenden\"}]},{\"@type\":\"WebSite\",\"@id\":\"https:\\\/\\\/suporta.de\\\/#website\",\"url\":\"https:\\\/\\\/suporta.de\\\/\",\"name\":\"suporta\",\"description\":\"Psychosoziale Anlaufstelle f\u00fcr Gefl\u00fcchtete | a.a.a. e.V.\",\"publisher\":{\"@id\":\"https:\\\/\\\/suporta.de\\\/#organization\"},\"potentialAction\":[{\"@type\":\"SearchAction\",\"target\":{\"@type\":\"EntryPoint\",\"urlTemplate\":\"https:\\\/\\\/suporta.de\\\/?s={search_term_string}\"},\"query-input\":{\"@type\":\"PropertyValueSpecification\",\"valueRequired\":true,\"valueName\":\"search_term_string\"}}],\"inLanguage\":\"ar\"},{\"@type\":\"Organization\",\"@id\":\"https:\\\/\\\/suporta.de\\\/#organization\",\"name\":\"Suporta \u2013 Care Together \\\/ a.a.a. e.V. Regensburg\",\"url\":\"https:\\\/\\\/suporta.de\\\/\",\"logo\":{\"@type\":\"ImageObject\",\"inLanguage\":\"ar\",\"@id\":\"https:\\\/\\\/suporta.de\\\/#\\\/schema\\\/logo\\\/image\\\/\",\"url\":\"https:\\\/\\\/suporta.de\\\/wp-content\\\/uploads\\\/2026\\\/04\\\/aaa_logos_2026_1-1_1.png\",\"contentUrl\":\"https:\\\/\\\/suporta.de\\\/wp-content\\\/uploads\\\/2026\\\/04\\\/aaa_logos_2026_1-1_1.png\",\"width\":800,\"height\":275,\"caption\":\"Suporta \u2013 Care Together \\\/ a.a.a. e.V. Regensburg\"},\"image\":{\"@id\":\"https:\\\/\\\/suporta.de\\\/#\\\/schema\\\/logo\\\/image\\\/\"},\"sameAs\":[\"https:\\\/\\\/www.instagram.com\\\/aaa_regensburg\\\/\"]}]}<\/script>\n<!-- \/ Yoast SEO plugin. -->","yoast_head_json":{"title":"Kontakt & Spenden &#8211; SuPortA \u2013 Care Together","robots":{"index":"index","follow":"follow","max-snippet":"max-snippet:-1","max-image-preview":"max-image-preview:large","max-video-preview":"max-video-preview:-1"},"canonical":"https:\/\/suporta.de\/ar\/kontakt-spenden\/","og_locale":"ar_AR","og_type":"article","og_title":"Kontakt & Spenden &#8211; SuPortA \u2013 Care Together","og_description":"Kontakt &amp; Spenden Kontaktadressen und Spendenlink Kontakt Adresse:Care Together \u2013 a.a.a. e.V.Burgweintingerstr. 3093055 Regensburg(3. Stock) Eingang \u00fcber Burgweintingerstr. 30 auf [&hellip;]","og_url":"https:\/\/suporta.de\/ar\/kontakt-spenden\/","og_site_name":"SuPortA \u2013 Care Together","article_modified_time":"2026-04-28T21:48:07+00:00","twitter_card":"summary_large_image","twitter_misc":{"\u0648\u0642\u062a \u0627\u0644\u0642\u0631\u0627\u0621\u0629 \u0627\u0644\u0645\u064f\u0642\u062f\u0651\u0631":"\u062f\u0642\u064a\u0642\u062a\u0627\u0646"},"schema":{"@context":"https:\/\/schema.org","@graph":[{"@type":"WebPage","@id":"https:\/\/suporta.de\/kontakt-spenden\/","url":"https:\/\/suporta.de\/kontakt-spenden\/","name":"Kontakt & Spenden &#8211; SuPortA \u2013 Care Together","isPartOf":{"@id":"https:\/\/suporta.de\/#website"},"datePublished":"2026-04-04T08:52:19+00:00","dateModified":"2026-04-28T21:48:07+00:00","breadcrumb":{"@id":"https:\/\/suporta.de\/kontakt-spenden\/#breadcrumb"},"inLanguage":"ar","potentialAction":[{"@type":"ReadAction","target":["https:\/\/suporta.de\/kontakt-spenden\/"]}]},{"@type":"BreadcrumbList","@id":"https:\/\/suporta.de\/kontakt-spenden\/#breadcrumb","itemListElement":[{"@type":"ListItem","position":1,"name":"Start","item":"https:\/\/suporta.de\/"},{"@type":"ListItem","position":2,"name":"Kontakt &#038; Spenden"}]},{"@type":"WebSite","@id":"https:\/\/suporta.de\/#website","url":"https:\/\/suporta.de\/","name":"suporta","description":"Psychosoziale Anlaufstelle f\u00fcr Gefl\u00fcchtete | a.a.a. e.V.","publisher":{"@id":"https:\/\/suporta.de\/#organization"},"potentialAction":[{"@type":"SearchAction","target":{"@type":"EntryPoint","urlTemplate":"https:\/\/suporta.de\/?s={search_term_string}"},"query-input":{"@type":"PropertyValueSpecification","valueRequired":true,"valueName":"search_term_string"}}],"inLanguage":"ar"},{"@type":"Organization","@id":"https:\/\/suporta.de\/#organization","name":"Suporta \u2013 Care Together \/ a.a.a. e.V. Regensburg","url":"https:\/\/suporta.de\/","logo":{"@type":"ImageObject","inLanguage":"ar","@id":"https:\/\/suporta.de\/#\/schema\/logo\/image\/","url":"https:\/\/suporta.de\/wp-content\/uploads\/2026\/04\/aaa_logos_2026_1-1_1.png","contentUrl":"https:\/\/suporta.de\/wp-content\/uploads\/2026\/04\/aaa_logos_2026_1-1_1.png","width":800,"height":275,"caption":"Suporta \u2013 Care Together \/ a.a.a. e.V. Regensburg"},"image":{"@id":"https:\/\/suporta.de\/#\/schema\/logo\/image\/"},"sameAs":["https:\/\/www.instagram.com\/aaa_regensburg\/"]}]}},"_links":{"self":[{"href":"https:\/\/suporta.de\/ar\/wp-json\/wp\/v2\/pages\/86","targetHints":{"allow":["GET"]}}],"collection":[{"href":"https:\/\/suporta.de\/ar\/wp-json\/wp\/v2\/pages"}],"about":[{"href":"https:\/\/suporta.de\/ar\/wp-json\/wp\/v2\/types\/page"}],"author":[{"embeddable":true,"href":"https:\/\/suporta.de\/ar\/wp-json\/wp\/v2\/users\/1"}],"replies":[{"embeddable":true,"href":"https:\/\/suporta.de\/ar\/wp-json\/wp\/v2\/comments?post=86"}],"version-history":[{"count":85,"href":"https:\/\/suporta.de\/ar\/wp-json\/wp\/v2\/pages\/86\/revisions"}],"predecessor-version":[{"id":807,"href":"https:\/\/suporta.de\/ar\/wp-json\/wp\/v2\/pages\/86\/revisions\/807"}],"wp:attachment":[{"href":"https:\/\/suporta.de\/ar\/wp-json\/wp\/v2\/media?parent=86"}],"curies":[{"name":"wp","href":"https:\/\/api.w.org\/{rel}","templated":true}]}}